{"id":9,"date":"2010-10-15T08:04:23","date_gmt":"2010-10-15T08:04:23","guid":{"rendered":"https:\/\/larutadelasal.com\/"},"modified":"2024-01-17T20:19:08","modified_gmt":"2024-01-17T18:19:08","slug":"hoja-de-inscripcion","status":"publish","type":"page","link":"https:\/\/labs.100x100.net\/projects\/rutasal\/hoja-de-inscripcion\/","title":{"rendered":"HOJA DE INSCRIPCI\u00d3N"},"content":{"rendered":"<hr \/>\n<p><!--\n\n\n<p style=\"text-align: center;\"><span style=\"color: #ff0000;\"><strong>\u00a1 INSCRIPCIONES CERRADAS PARA LA EDICI\u00d3N ACTUAL !<\/strong><\/span><\/p>\n\n\n\n\n<p style=\"text-align: center;\"><span style=\"color: #ff0000;\"><strong>EN CASO DE INTER\u00c9S CONTACTAR CON LA ORGANIZACI\u00d3N\u00a0<\/strong><\/span><\/p>\n\n\n\n\n<p style=\"text-align: center;\"><span style=\"color: #ff0000;\"><strong>clubnauticoskipper@gmail.com \u00b7 93 318 01 01<\/strong><\/span><\/p>\n\n\n\n\n\n\n<hr \/>\n\n\n\n\n<p style=\"text-align: center;\"><a href=\"https:\/\/www.globesailor.es\/\"><img loading=\"lazy\" decoding=\"async\" class=\"aligncenter size-full wp-image-6664\" src=\"http:\/\/larutadelasal.com\/custom\/uploads\/2021\/11\/GS_logo_peq.jpg\" alt=\"\" width=\"324\" height=\"150\" srcset=\"https:\/\/labs.100x100.net\/projects\/rutasal\/custom\/uploads\/2021\/11\/GS_logo_peq.jpg 324w, https:\/\/labs.100x100.net\/projects\/rutasal\/custom\/uploads\/2021\/11\/GS_logo_peq-300x139.jpg 300w\" sizes=\"(max-width: 324px) 100vw, 324px\" \/><\/a><\/p>\n\n\n\n\n<p style=\"text-align: center;\"><a href=\"https:\/\/www.globesailor.es\/\">GlobeSailor<\/a>\u00a0patrocina el formulario de inscripci\u00f3n de<\/p>\n\n\n\n\n<p style=\"text-align: center;\">[cforms name=\"RutadelaSal_2020\"]<\/p>\n\n\n--><\/p>\n<p><a href=\"https:\/\/www.globesailor.es\/\"><img loading=\"lazy\" decoding=\"async\" class=\"aligncenter size-full wp-image-6638\" src=\"http:\/\/larutadelasal.com\/custom\/uploads\/2021\/11\/log-Globe-Sailor.png\" alt=\"\" width=\"300\" height=\"139\" \/><\/a><\/p>\n<p style=\"text-align: center;\">patrocina este formulario de inscripci\u00f3n<\/p>\n<hr \/>\n<div id=\"usermessage2a\" class=\"cf_info \"><\/div><form enctype=\"multipart\/form-data\" action=\"\/projects\/rutasal\/wp-json\/wp\/v2\/pages\/9#usermessage2a\" method=\"post\" class=\"cform rutadelasal_2020 \" id=\"cforms2form\"><fieldset class=\"cf-fs1\" style=\"\"><legend>El 7 de marzo se cerr\u00f3 el periodo de inscripci\u00f3n. Puede rellenar el formulario y en funci\u00f3n de la disponibilidad de amarres nos pondremos en contacto con usted.<\/legend><ol class=\"cf-ol\"><\/ol><\/fieldset><fieldset class=\"cf-fs2\" style=\"\"><legend>LA RUTA DE LA SAL  2024<\/legend><ol class=\"cf-ol\"><li id=\"li-2-4\" class=\"\"><label id=\"label-2-4\" for=\"cf2_field_4\"><span>INDIQUE RECORRIDO\/REGATA*<\/span><\/label><select name=\"cf2_field_4\" id=\"cf2_field_4\" class=\"cformselect fldrequired\" title=\"\"><option value=\" \"> <\/option><option value=\"Ruta de la Sal - Versi\u00f3n Barcelona\">Ruta de la Sal - Versi\u00f3n Barcelona<\/option><option value=\"Ruta de la Sal - Versi\u00f3n Denia\">Ruta de la Sal - Versi\u00f3n Denia<\/option><option value=\"Mini-Sal Denia\">Mini-Sal Denia<\/option><\/select><span class=\"reqtxt\">Campo Obligatorio <\/span><\/li><\/ol><\/fieldset><fieldset class=\"cf-fs3\" style=\"\"><legend>BARCO<\/legend><ol class=\"cf-ol\"><li id=\"li-2-7\" class=\"\"><label id=\"label-2-7\" for=\"cf2_field_7\"><span>Nombre del barco *<\/span><\/label><input type=\"text\" name=\"cf2_field_7\" id=\"cf2_field_7\" class=\"single fldrequired\" value=\"\" title=\"\"\/><span class=\"reqtxt\">Campo Obligatorio <\/span><\/li><li id=\"li-2-8\" class=\"\"><label id=\"label-2-8\" for=\"cf2_field_8\"><span>Marca y modelo *<\/span><\/label><input type=\"text\" name=\"cf2_field_8\" id=\"cf2_field_8\" class=\"single fldrequired\" value=\"\" title=\"\"\/><span class=\"reqtxt\">Campo Obligatorio <\/span><\/li><li id=\"li-2-9\" class=\"\"><label id=\"label-2-9\" for=\"cf2_field_9\"><span>Eslora total (metros) *<\/span><\/label><input type=\"text\" name=\"cf2_field_9\" id=\"cf2_field_9\" class=\"single fldrequired\" value=\"\" title=\"\"\/><span class=\"reqtxt\">Campo Obligatorio <\/span><\/li><li id=\"li-2-10\" class=\"\"><label id=\"label-2-10\" for=\"cf2_field_10\"><span>Manga (metros)*<\/span><\/label><input type=\"text\" name=\"cf2_field_10\" id=\"cf2_field_10\" class=\"single fldrequired\" value=\"\" title=\"\"\/><span class=\"reqtxt\">Campo Obligatorio <\/span><\/li><li id=\"li-2-11\" class=\"\"><label id=\"label-2-11\" for=\"cf2_field_11\"><span>Calado (metros)*<\/span><\/label><input type=\"text\" name=\"cf2_field_11\" id=\"cf2_field_11\" class=\"single fldrequired\" value=\"\" title=\"\"\/><span class=\"reqtxt\">Campo Obligatorio <\/span><\/li><li id=\"li-2-12\" class=\"\"><label id=\"label-2-12\" for=\"cf2_field_12\"><span>Bandera*<\/span><\/label><input type=\"text\" name=\"cf2_field_12\" id=\"cf2_field_12\" class=\"single fldrequired\" value=\"\" title=\"\"\/><span class=\"reqtxt\">Campo Obligatorio <\/span><\/li><li id=\"li-2-13\" class=\"\"><label id=\"label-2-13\" for=\"cf2_field_13\"><span>Club<\/span><\/label><input type=\"text\" name=\"cf2_field_13\" id=\"cf2_field_13\" class=\"single\" value=\"\" title=\"\"\/><\/li><li id=\"li-2-14\" class=\"\"><label id=\"label-2-14\" for=\"cf2_field_14\"><span>N\u00ba de Vela<\/span><\/label><input type=\"text\" name=\"cf2_field_14\" id=\"cf2_field_14\" class=\"single\" value=\"\" title=\"\"\/><\/li><li id=\"li-2-15\" class=\"\"><label id=\"label-2-15\" for=\"cf2_field_15\"><span>Rating ORC monocascos\u00b7<\/span><\/label><select name=\"cf2_field_15\" id=\"cf2_field_15\" class=\"cformselect\" title=\"\"><option value=\" \"> <\/option><option value=\"Certificado ORC anual\">Certificado ORC anual<\/option><option value=\"Certificado ORC solo para La Ruta de la Sal\">Certificado ORC solo para La Ruta de la Sal<\/option><\/select><\/li><li id=\"li-2-16\" class=\"\"><label id=\"label-2-16\" for=\"cf2_field_16\"><span>Rating multicascos<\/span><\/label><select name=\"cf2_field_16\" id=\"cf2_field_16\" class=\"cformselect\" title=\"\"><option value=\" \"> <\/option><option value=\"Solicitar\u00e9 certificado Multi2000\">Solicitar\u00e9 certificado Multi2000<\/option><\/select><\/li><\/ol><\/fieldset><fieldset class=\"cf-fs4\" style=\"\"><legend>CATEGOR\u00cdAS <\/legend><ol class=\"cf-ol\"><li id=\"li-2-18\" class=\"\"><label id=\"label-2-18\" for=\"cf2_field_18\"><span>Seleccione categor\u00eda seg\u00fan modalidad de tripulaci\u00f3n<\/span><\/label><select name=\"cf2_field_18\" id=\"cf2_field_18\" class=\"cformselect fldrequired\" title=\"\"><option value=\"TRIPULACI\u00d3N COMPLETA\">TRIPULACI\u00d3N COMPLETA<\/option><option value=\"A2\">A2<\/option><option value=\"SALINA\">SALINA<\/option><option value=\"GLOBE SAILOR\">GLOBE SAILOR<\/option><\/select><span class=\"reqtxt\">Campo Obligatorio <\/span><\/li><li id=\"li-2-19\" class=\"textonly\" style=\"width:100%;margin-bottom:30px;\" >TRIPULACI\u00d3N COMPLETA: 3 o m\u00e1s tripulantes GOLF: Cruceros tripulados por dos personas. &lt;br&gt;SALINA: Embarcaci\u00f3n patroneada por una mujer y con un m\u00ednimo del 50% de tripulaci\u00f3n femenina. &lt;br&gt;GLOBE SAILOR: Barcos escuela\/charter en lista 6\u00aa <\/li><\/ol><\/fieldset><fieldset class=\"cf-fs5\" style=\"\"><legend>TRIPULACI\u00d3N <\/legend><ol class=\"cf-ol\"><li id=\"li-2-22\" class=\"\"><label id=\"label-2-22\" for=\"cf2_field_22\"><span>Propietario del yate*<\/span><\/label><input type=\"text\" name=\"cf2_field_22\" id=\"cf2_field_22\" class=\"single fldrequired\" value=\"\" title=\"\"\/><span class=\"reqtxt\">Campo Obligatorio <\/span><\/li><li id=\"li-2-23\" class=\"\"><label id=\"label-2-23\" for=\"cf2_field_23\"><span>Nombre del patr\u00f3n<\/span><\/label><input type=\"text\" name=\"cf2_field_23\" id=\"cf2_field_23\" class=\"single\" value=\"\" title=\"\"\/><\/li><li id=\"li-2-24\" class=\"\"><label id=\"label-2-24\" for=\"cf2_field_24\"><span>N\u00famero de tripulantes<\/span><\/label><select name=\"cf2_field_24\" id=\"cf2_field_24\" class=\"cformselect\" title=\"\"><option value=\"1\">1<\/option><option value=\"2\">2<\/option><option value=\"3\">3<\/option><option value=\"4\">4<\/option><option value=\"5\">5<\/option><option value=\"6\">6<\/option><option value=\"7\">7<\/option><option value=\"8\">8<\/option><option value=\"9\">9<\/option><option value=\"10\">10<\/option><option value=\"11\">11<\/option><option value=\"12\">12<\/option><option value=\"13\">13<\/option><option value=\"14\">14<\/option><option value=\"15\">15<\/option><option value=\"16\">16<\/option><option value=\"16\">16<\/option><option value=\"17\">17<\/option><option value=\"18\">18<\/option><option value=\"19\">19<\/option><option value=\"20\">20<\/option><\/select><\/li><\/ol><\/fieldset><fieldset class=\"cf-fs6\" style=\"\"><legend>DATOS DE CONTACTO<\/legend><ol class=\"cf-ol\"><li id=\"li-2-27\" class=\"\"><label id=\"label-2-27\" for=\"cf2_field_27\"><span>Nombre Solicitante*<\/span><\/label><input type=\"text\" name=\"cf2_field_27\" id=\"cf2_field_27\" class=\"single fldrequired\" value=\"\" title=\"\"\/><span class=\"reqtxt\">Campo Obligatorio <\/span><\/li><li id=\"li-2-28\" class=\"\"><label id=\"label-2-28\" for=\"cf2_field_28\"><span>Email*<\/span><\/label><input type=\"text\" name=\"cf2_field_28\" id=\"cf2_field_28\" class=\"single fldemail fldrequired\" value=\"\" title=\"\"\/><span class=\"emailreqtxt\"> Se requiere un correo v\u00e1lido <\/span><\/li><li id=\"li-2-29\" class=\"\"><label id=\"label-2-29\" for=\"cf2_field_29\"><span>Tel\u00e9fono de Contacto*<\/span><\/label><input type=\"text\" name=\"cf2_field_29\" id=\"cf2_field_29\" class=\"single fldrequired\" value=\"\" title=\"\"\/><span class=\"reqtxt\">Campo Obligatorio <\/span><\/li><li id=\"li-2-30\" class=\"\"><label id=\"label-2-30\" for=\"cf2_field_30\"><span>Nombre usuario Instagram<\/span><\/label><input type=\"text\" name=\"cf2_field_30\" id=\"cf2_field_30\" class=\"single\" value=\"\" title=\"\"\/><\/li><li id=\"li-2-31\" class=\"\"><label id=\"label-2-31\" for=\"cf2_field_31\"><span>Domicilio<\/span><\/label><input type=\"text\" name=\"cf2_field_31\" id=\"cf2_field_31\" class=\"single\" value=\"\" title=\"\"\/><\/li><li id=\"li-2-32\" class=\"\"><label id=\"label-2-32\" for=\"cf2_field_32\"><span>C\u00f3digo Postal<\/span><\/label><input type=\"text\" name=\"cf2_field_32\" id=\"cf2_field_32\" class=\"single\" value=\"\" title=\"\"\/><\/li><li id=\"li-2-33\" class=\"\"><label id=\"label-2-33\" for=\"cf2_field_33\"><span>Poblaci\u00f3n<\/span><\/label><input type=\"text\" name=\"cf2_field_33\" id=\"cf2_field_33\" class=\"single\" value=\"\" title=\"\"\/><\/li><li id=\"li-2-34\" class=\"\"><label id=\"label-2-34\" for=\"cf2_field_34\"><span>Provincia<\/span><\/label><input type=\"text\" name=\"cf2_field_34\" id=\"cf2_field_34\" class=\"single\" value=\"\" title=\"\"\/><\/li><li id=\"li-2-35\" class=\"\"><label id=\"label-2-35\" for=\"cf2_field_35\"><span>Pa\u00eds<\/span><\/label><input type=\"text\" name=\"cf2_field_35\" id=\"cf2_field_35\" class=\"single\" value=\"\" title=\"\"\/><\/li><\/ol><\/fieldset><ol class=\"cf-ol\"><\/ol><fieldset class=\"cf-fs7\" style=\"\"><legend>CONFIRMAR INSCRIPCI\u00d3N<\/legend><ol class=\"cf-ol\"><li id=\"li-2-39\" class=\"textonly\" style=\"width:100%;margin-bottom:30px;\" >El n\u00famero de amarres disponibles es limitado. Se aceptar\u00e1n las embarcaciones por riguroso orden de inscripci\u00f3n. Una inscripci\u00f3n no se considerar\u00e1 confirmada hasta que se haya recibido el pago de los derechos de inscripci\u00f3n correspondientes, pudiendo hacer llegar con posterioridad la documentaci\u00f3n requerida.<\/li><li id=\"li-2-40\" class=\"textonly\" style=\"width:100%;margin-bottom:30px\" >La asignaci\u00f3n de los amarres se har\u00e1 estrictamente en funci\u00f3n de la fecha en la que se haya confirmado la inscripci\u00f3n con el pago de los derechos correspondientes.<\/li><li id=\"li-2-41\" class=\"textonly\" style=\"width:100%;margin-bottom:30px\" >TODA LA DOCUMENTACI\u00d3N deber\u00e1 remitirse antes del 25 de marzo 2024.<\/li><li id=\"li-2-42\" class=\"textonly\" style=\"width:100%;margin-bottom:30px; \" >Puede consultar el precio de los derechos de inscripci\u00f3n, el n\u00famero de cuenta para realizar la transferencia, as\u00ed como la documentaci\u00f3n obligatoria en el ANUNCIO DE REGATA.<\/li><\/ol><\/fieldset><fieldset class=\"cf-fs8\" style=\"\"><legend>RESPONSABILIDAD Y DATOS PERSONALES<\/legend><ol class=\"cf-ol\"><li id=\"li-2-45\" class=\"textonly\" style=\"width:100%;margin-bottom:30px;\" >&lt;br \/&gt; El Propietario o  disponente del yate Declara:&lt;br\/&gt;&lt;br\/&gt;     Que se somete al reglamento de la World Sailing, a las prescripciones de las Federaciones, reglas ORC y al sistema de rating que se establezca para los multicascos, as\u00ed como a las instrucciones propias que rigen la regata. &lt;br\/&gt;&lt;br\/&gt;     Que acepta y asume cualquier responsabilidad que pudiera derivarse de la construcci\u00f3n de su yate y aparejo, de sus condiciones de seguridad, del cumplimiento de las disposiciones vigentes, tanto de la Autoridad Mar\u00edtima como de la Deportiva y de cuanto pueda acaecer al no cumplir estrictamente cuanto este establecido.&lt;br\/&gt;&lt;br\/&gt;     Que acepta toda la responsabilidad del armador indicada en el anuncio de regatas y en las instrucciones de regata y exime de toda responsabilidad a las entidades organizadoras y patrocinadoras de La Ruta de la Sal por accidentes acaecidos a personas o cosas, da\u00f1os o cualquier cosa que pudiera ocurrir en la mar o en tierra a consecuencia de la participaci\u00f3n de su barco en esta regata.&lt;br\/&gt;&lt;br\/&gt;     Que tiene un seguro adecuado para la tripulaci\u00f3n y barco.&lt;br\/&gt;&lt;br\/&gt;     Que ha informado a su tripulaci\u00f3n de la presente asunci\u00f3n de responsabilidad, y en su nombre tambi\u00e9n exonera de toda responsabilidad a las entidades organizadoras, entidades colaboradoras, as\u00ed como los dem\u00e1s organismos colaboradores y las dem\u00e1s firmas que patrocinan y colaboran en la regata, asumiendo a su cargo cualquier da\u00f1o o perjuicio que pueda ser consecuencia de la participaci\u00f3n de su yate en la regata de altura La Ruta de la Sal. &lt;br\/&gt;&lt;br\/&gt; De acuerdo con la ley 15\/1999 le informamos que los datos que Vd. Proporciona ser\u00e1n incluidos en nuestros ficheros con el fin de remitirle informaci\u00f3n sobre nuestras actividades. &lt;br\/&gt;&lt;br\/&gt;Vd. tiene  el derecho de acceder a esta informaci\u00f3n que le pertenece, ratificarla, cancelarla as\u00ed como oponerse a su tratamiento. Estos datos podr\u00e1n ser facilitados a los respectivos Clubes de salida y llegada de la regata, para su debido control.&lt;br\/&gt;<\/li><li id=\"li-2-46\" class=\"\"><input type=\"checkbox\" name=\"cf2_field_46\" id=\"cf2_field_46\" class=\"cf-box-a\" title=\"\"\/><label id=\"label-2-46\" for=\"cf2_field_46\" class=\"cf-after\"><span>Acepto la &lt;a href=&quot;https:\/\/larutadelasal.com\/politica-de-privacidad\/&quot; target=&quot;_blank&quot;&gt;Pol\u00edtica de privacidad*&lt;\/a&gt;<\/span><\/label><\/li><li id=\"li-2-47\" class=\"\"><input type=\"checkbox\" name=\"cf2_field_47\" id=\"cf2_field_47\" class=\"cf-box-a\" title=\"\"\/><label id=\"label-2-47\" for=\"cf2_field_47\" class=\"cf-after\"><span> Acepto recibir comunicaciones acerca de eventos deportivos que realiza Eventos N\u00e1uticos Regata&lt;br&gt;&lt;br&gt;<\/span><\/label><\/li><\/ol><\/fieldset><fieldset class=\"cf_hidden\"><legend>&nbsp;<\/legend><input type=\"hidden\" name=\"cf_working2\" id=\"cf_working2\" value=\"<span>Un momento por favor <\/span>\"\/><input type=\"hidden\" name=\"cf_failure2\" id=\"cf_failure2\" value=\"<span>Por favor. Rellene los campos obligatorios<\/span>\"\/><input type=\"hidden\" name=\"cf_customerr2\" id=\"cf_customerr2\" value=\"y\"\/><\/fieldset><p class=\"cf-sb\"><input type=\"submit\" name=\"sendbutton2\" id=\"sendbutton2\" class=\"sendbutton\" value=\"Enviar Solicitud \" \/><\/p><\/form><div id=\"usermessage2b\" class=\"cf_info \" ><\/div>\n","protected":false},"excerpt":{"rendered":"<p>patrocina este formulario de inscripci\u00f3n<\/p>\n","protected":false},"author":1,"featured_media":8888,"parent":0,"menu_order":0,"comment_status":"open","ping_status":"open","template":"","meta":{"_acf_changed":false,"footnotes":""},"acf":[],"yoast_head":"<!-- This site is optimized with the Yoast SEO plugin v23.0 - https:\/\/yoast.com\/wordpress\/plugins\/seo\/ -->\n<title>HOJA DE INSCRIPCI\u00d3N | Regata La Ruta de la Sal<\/title>\n<meta name=\"description\" content=\"Rellena la Hoja de inscripci\u00f3n de La Ruta de la Sal y participa en La Regata m\u00e1s numerosa y m\u00edtica de todo el calendario de regatas espa\u00f1olas.\" \/>\n<meta name=\"robots\" content=\"noindex, follow, max-snippet:-1, max-image-preview:large, max-video-preview:-1\" \/>\n<meta property=\"og:locale\" content=\"es_ES\" \/>\n<meta property=\"og:type\" content=\"article\" \/>\n<meta property=\"og:title\" content=\"Hoja de inscripci\u00f3n | Regata La Ruta de la Sal\" \/>\n<meta property=\"og:description\" content=\"Rellena la Hoja de inscripci\u00f3n de la Ruta de la Sal y participa en La Regata m\u00e1s numerosa y m\u00edtica de todo el calendario de regatas espa\u00f1olas.\" \/>\n<meta property=\"og:url\" content=\"https:\/\/labs.100x100.net\/projects\/rutasal\/hoja-de-inscripcion\/\" \/>\n<meta property=\"og:site_name\" content=\"Regata La Ruta de la Sal\" \/>\n<meta property=\"article:publisher\" content=\"https:\/\/www.facebook.com\/rutadelasal\/\" \/>\n<meta property=\"article:modified_time\" content=\"2024-01-17T18:19:08+00:00\" \/>\n<meta property=\"og:image\" content=\"https:\/\/labs.100x100.net\/projects\/rutasal\/custom\/uploads\/2024\/01\/Bandido-La-Sal-BCN-2023_2-2.jpg\" \/>\n\t<meta property=\"og:image:width\" content=\"1200\" \/>\n\t<meta property=\"og:image:height\" content=\"801\" \/>\n\t<meta property=\"og:image:type\" content=\"image\/jpeg\" \/>\n<meta name=\"twitter:card\" content=\"summary_large_image\" \/>\n<meta name=\"twitter:site\" content=\"@AnamMedi\" \/>\n<meta name=\"twitter:label1\" content=\"Tiempo de lectura\" \/>\n\t<meta name=\"twitter:data1\" content=\"1 minuto\" \/>\n<script type=\"application\/ld+json\" class=\"yoast-schema-graph\">{\"@context\":\"https:\/\/schema.org\",\"@graph\":[{\"@type\":\"WebPage\",\"@id\":\"https:\/\/labs.100x100.net\/projects\/rutasal\/hoja-de-inscripcion\/\",\"url\":\"https:\/\/labs.100x100.net\/projects\/rutasal\/hoja-de-inscripcion\/\",\"name\":\"HOJA DE INSCRIPCI\u00d3N | Regata La Ruta de la Sal\",\"isPartOf\":{\"@id\":\"https:\/\/labs.100x100.net\/projects\/rutasal\/#website\"},\"primaryImageOfPage\":{\"@id\":\"https:\/\/labs.100x100.net\/projects\/rutasal\/hoja-de-inscripcion\/#primaryimage\"},\"image\":{\"@id\":\"https:\/\/labs.100x100.net\/projects\/rutasal\/hoja-de-inscripcion\/#primaryimage\"},\"thumbnailUrl\":\"https:\/\/labs.100x100.net\/projects\/rutasal\/custom\/uploads\/2024\/01\/Bandido-La-Sal-BCN-2023_2-2.jpg\",\"datePublished\":\"2010-10-15T08:04:23+00:00\",\"dateModified\":\"2024-01-17T18:19:08+00:00\",\"description\":\"Rellena la Hoja de inscripci\u00f3n de La Ruta de la Sal y participa en La Regata m\u00e1s numerosa y m\u00edtica de todo el calendario de regatas espa\u00f1olas.\",\"breadcrumb\":{\"@id\":\"https:\/\/labs.100x100.net\/projects\/rutasal\/hoja-de-inscripcion\/#breadcrumb\"},\"inLanguage\":\"es\",\"potentialAction\":[{\"@type\":\"ReadAction\",\"target\":[\"https:\/\/labs.100x100.net\/projects\/rutasal\/hoja-de-inscripcion\/\"]}]},{\"@type\":\"ImageObject\",\"inLanguage\":\"es\",\"@id\":\"https:\/\/labs.100x100.net\/projects\/rutasal\/hoja-de-inscripcion\/#primaryimage\",\"url\":\"https:\/\/labs.100x100.net\/projects\/rutasal\/custom\/uploads\/2024\/01\/Bandido-La-Sal-BCN-2023_2-2.jpg\",\"contentUrl\":\"https:\/\/labs.100x100.net\/projects\/rutasal\/custom\/uploads\/2024\/01\/Bandido-La-Sal-BCN-2023_2-2.jpg\",\"width\":1200,\"height\":801,\"caption\":\"XXXV LA RUTA DE LA SAL 2023 SALIDA BARCELONA FOTO: ALFRED FARRE\/ AlfredFarre.com\"},{\"@type\":\"BreadcrumbList\",\"@id\":\"https:\/\/labs.100x100.net\/projects\/rutasal\/hoja-de-inscripcion\/#breadcrumb\",\"itemListElement\":[{\"@type\":\"ListItem\",\"position\":1,\"name\":\"Portada\",\"item\":\"https:\/\/labs.100x100.net\/projects\/rutasal\/\"},{\"@type\":\"ListItem\",\"position\":2,\"name\":\"HOJA DE INSCRIPCI\u00d3N\"}]},{\"@type\":\"WebSite\",\"@id\":\"https:\/\/labs.100x100.net\/projects\/rutasal\/#website\",\"url\":\"https:\/\/labs.100x100.net\/projects\/rutasal\/\",\"name\":\"Regata La Ruta de la Sal\",\"description\":\"Regata La Ruta de la Sal es una regata de Altura Mediterr\u00e1nea para barcos de crucero a vela con destino en Ibiza, que se disputa anualmente en Semana Santa.\",\"potentialAction\":[{\"@type\":\"SearchAction\",\"target\":{\"@type\":\"EntryPoint\",\"urlTemplate\":\"https:\/\/labs.100x100.net\/projects\/rutasal\/?s={search_term_string}\"},\"query-input\":\"required name=search_term_string\"}],\"inLanguage\":\"es\"}]}<\/script>\n<!-- \/ Yoast SEO plugin. -->","yoast_head_json":{"title":"HOJA DE INSCRIPCI\u00d3N | Regata La Ruta de la Sal","description":"Rellena la Hoja de inscripci\u00f3n de La Ruta de la Sal y participa en La Regata m\u00e1s numerosa y m\u00edtica de todo el calendario de regatas espa\u00f1olas.","robots":{"index":"noindex","follow":"follow","max-snippet":"max-snippet:-1","max-image-preview":"max-image-preview:large","max-video-preview":"max-video-preview:-1"},"og_locale":"es_ES","og_type":"article","og_title":"Hoja de inscripci\u00f3n | Regata La Ruta de la Sal","og_description":"Rellena la Hoja de inscripci\u00f3n de la Ruta de la Sal y participa en La Regata m\u00e1s numerosa y m\u00edtica de todo el calendario de regatas espa\u00f1olas.","og_url":"https:\/\/labs.100x100.net\/projects\/rutasal\/hoja-de-inscripcion\/","og_site_name":"Regata La Ruta de la Sal","article_publisher":"https:\/\/www.facebook.com\/rutadelasal\/","article_modified_time":"2024-01-17T18:19:08+00:00","og_image":[{"width":1200,"height":801,"url":"https:\/\/labs.100x100.net\/projects\/rutasal\/custom\/uploads\/2024\/01\/Bandido-La-Sal-BCN-2023_2-2.jpg","type":"image\/jpeg"}],"twitter_card":"summary_large_image","twitter_site":"@AnamMedi","twitter_misc":{"Tiempo de lectura":"1 minuto"},"schema":{"@context":"https:\/\/schema.org","@graph":[{"@type":"WebPage","@id":"https:\/\/labs.100x100.net\/projects\/rutasal\/hoja-de-inscripcion\/","url":"https:\/\/labs.100x100.net\/projects\/rutasal\/hoja-de-inscripcion\/","name":"HOJA DE INSCRIPCI\u00d3N | Regata La Ruta de la Sal","isPartOf":{"@id":"https:\/\/labs.100x100.net\/projects\/rutasal\/#website"},"primaryImageOfPage":{"@id":"https:\/\/labs.100x100.net\/projects\/rutasal\/hoja-de-inscripcion\/#primaryimage"},"image":{"@id":"https:\/\/labs.100x100.net\/projects\/rutasal\/hoja-de-inscripcion\/#primaryimage"},"thumbnailUrl":"https:\/\/labs.100x100.net\/projects\/rutasal\/custom\/uploads\/2024\/01\/Bandido-La-Sal-BCN-2023_2-2.jpg","datePublished":"2010-10-15T08:04:23+00:00","dateModified":"2024-01-17T18:19:08+00:00","description":"Rellena la Hoja de inscripci\u00f3n de La Ruta de la Sal y participa en La Regata m\u00e1s numerosa y m\u00edtica de todo el calendario de regatas espa\u00f1olas.","breadcrumb":{"@id":"https:\/\/labs.100x100.net\/projects\/rutasal\/hoja-de-inscripcion\/#breadcrumb"},"inLanguage":"es","potentialAction":[{"@type":"ReadAction","target":["https:\/\/labs.100x100.net\/projects\/rutasal\/hoja-de-inscripcion\/"]}]},{"@type":"ImageObject","inLanguage":"es","@id":"https:\/\/labs.100x100.net\/projects\/rutasal\/hoja-de-inscripcion\/#primaryimage","url":"https:\/\/labs.100x100.net\/projects\/rutasal\/custom\/uploads\/2024\/01\/Bandido-La-Sal-BCN-2023_2-2.jpg","contentUrl":"https:\/\/labs.100x100.net\/projects\/rutasal\/custom\/uploads\/2024\/01\/Bandido-La-Sal-BCN-2023_2-2.jpg","width":1200,"height":801,"caption":"XXXV LA RUTA DE LA SAL 2023 SALIDA BARCELONA FOTO: ALFRED FARRE\/ AlfredFarre.com"},{"@type":"BreadcrumbList","@id":"https:\/\/labs.100x100.net\/projects\/rutasal\/hoja-de-inscripcion\/#breadcrumb","itemListElement":[{"@type":"ListItem","position":1,"name":"Portada","item":"https:\/\/labs.100x100.net\/projects\/rutasal\/"},{"@type":"ListItem","position":2,"name":"HOJA DE INSCRIPCI\u00d3N"}]},{"@type":"WebSite","@id":"https:\/\/labs.100x100.net\/projects\/rutasal\/#website","url":"https:\/\/labs.100x100.net\/projects\/rutasal\/","name":"Regata La Ruta de la Sal","description":"Regata La Ruta de la Sal es una regata de Altura Mediterr\u00e1nea para barcos de crucero a vela con destino en Ibiza, que se disputa anualmente en Semana Santa.","potentialAction":[{"@type":"SearchAction","target":{"@type":"EntryPoint","urlTemplate":"https:\/\/labs.100x100.net\/projects\/rutasal\/?s={search_term_string}"},"query-input":"required name=search_term_string"}],"inLanguage":"es"}]}},"_links":{"self":[{"href":"https:\/\/labs.100x100.net\/projects\/rutasal\/wp-json\/wp\/v2\/pages\/9"}],"collection":[{"href":"https:\/\/labs.100x100.net\/projects\/rutasal\/wp-json\/wp\/v2\/pages"}],"about":[{"href":"https:\/\/labs.100x100.net\/projects\/rutasal\/wp-json\/wp\/v2\/types\/page"}],"author":[{"embeddable":true,"href":"https:\/\/labs.100x100.net\/projects\/rutasal\/wp-json\/wp\/v2\/users\/1"}],"replies":[{"embeddable":true,"href":"https:\/\/labs.100x100.net\/projects\/rutasal\/wp-json\/wp\/v2\/comments?post=9"}],"version-history":[{"count":27,"href":"https:\/\/labs.100x100.net\/projects\/rutasal\/wp-json\/wp\/v2\/pages\/9\/revisions"}],"predecessor-version":[{"id":8812,"href":"https:\/\/labs.100x100.net\/projects\/rutasal\/wp-json\/wp\/v2\/pages\/9\/revisions\/8812"}],"wp:featuredmedia":[{"embeddable":true,"href":"https:\/\/labs.100x100.net\/projects\/rutasal\/wp-json\/wp\/v2\/media\/8888"}],"wp:attachment":[{"href":"https:\/\/labs.100x100.net\/projects\/rutasal\/wp-json\/wp\/v2\/media?parent=9"}],"curies":[{"name":"wp","href":"https:\/\/api.w.org\/{rel}","templated":true}]}}