{"id":424,"date":"2011-03-23T11:40:55","date_gmt":"2011-03-23T11:40:55","guid":{"rendered":"https:\/\/larutadelasal.com\/"},"modified":"2024-03-28T04:20:20","modified_gmt":"2024-03-28T02:20:20","slug":"relacion-de-inscritos","status":"publish","type":"page","link":"https:\/\/labs.100x100.net\/projects\/rutasal\/relacion-de-inscritos\/","title":{"rendered":"RELACI\u00d3N DE INSCRITOS"},"content":{"rendered":"<h2 style=\"text-align: center;\"><b>INSCRITOS 2024<\/b><\/h2>\n<hr \/>\n<p><strong>\u00a0Fecha actualizaci\u00f3n \/ updated on: <\/strong>25\/03\/2024<\/p>\n<p style=\"text-align: center;\">Todos los barcos por orden de rating<\/p>\n<p style=\"text-align: center;\"><a class=\"calltoaction\" href=\"http:\/\/larutadelasal.com\/custom\/uploads\/2024\/03\/lista-inscritos-version-Barcelona.pdf\" target=\"_blank\" rel=\"noopener noreferrer\">VERSI\u00d3N BARCELONA<\/a><\/p>\n<p style=\"text-align: center;\"><a class=\"calltoaction\" href=\"http:\/\/larutadelasal.com\/custom\/uploads\/2024\/03\/lista-inscritos-version-Denia.pdf\" target=\"_blank\" rel=\"noopener noreferrer\">VERSI\u00d3N DENIA<\/a><\/p>\n<p style=\"text-align: center;\">Todos los barcos por orden alfab\u00e9tico<\/p>\n<p style=\"text-align: center;\"><a class=\"calltoaction\" href=\"http:\/\/larutadelasal.com\/custom\/uploads\/2024\/03\/Inscritos-BCN-RDLS-2024_alfabetico10.pdf\" target=\"_blank\" rel=\"noopener noreferrer\">VERSI\u00d3N BARCELONA<\/a><\/p>\n<p style=\"text-align: center;\"><a class=\"calltoaction\" href=\"http:\/\/larutadelasal.com\/custom\/uploads\/2024\/03\/Inscritos-DEN_RDLS-2024_alfabetico10.pdf\" target=\"_blank\" rel=\"noopener noreferrer\">VERSI\u00d3N DENIA<\/a><\/p>\n<p style=\"text-align: center;\">Todos los barcos por categor\u00eda<\/p>\n<p style=\"text-align: center;\"><a class=\"calltoaction\" href=\"http:\/\/larutadelasal.com\/custom\/uploads\/2024\/03\/Inscritos-BCN-RDLS-2024_por-categoria10.pdf\" target=\"_blank\" rel=\"noopener noreferrer\">VERSI\u00d3N BARCELONA<\/a><\/p>\n<p style=\"text-align: center;\"><a class=\"calltoaction\" href=\"http:\/\/larutadelasal.com\/custom\/uploads\/2024\/03\/Inscritos-DEN_RDLS-2024_por-categoria10.pdf\" target=\"_blank\" rel=\"noopener noreferrer\">VERSI\u00d3N DENIA<\/a><\/p>\n<hr \/>\n<h2 style=\"text-align: center;\"><b>INSCRITOS 2023<\/b><\/h2>\n<hr \/>\n<p><strong>\u00a0Fecha actualizaci\u00f3n \/ updated on:<\/strong> 04\/04\/2023<\/p>\n<hr \/>\n<p style=\"text-align: center;\">Todos los barcos por orden alfab\u00e9tico<\/p>\n<p style=\"text-align: center;\"><a class=\"calltoaction\" href=\"http:\/\/larutadelasal.com\/custom\/uploads\/2023\/04\/8_RDLS-2023-ALFABETICO-BCN.pdf\" target=\"_blank\" rel=\"noopener noreferrer\">VERSI\u00d3N BARCELONA<\/a><\/p>\n<p style=\"text-align: center;\"><a class=\"calltoaction\" href=\"http:\/\/larutadelasal.com\/custom\/uploads\/2023\/06\/8_RDLS-2023-ALFABETICO-DEN_2.pdf\" target=\"_blank\" rel=\"noopener noreferrer\">VERSI\u00d3N DENIA<\/a><\/p>\n<p style=\"text-align: center;\">Todos los barcos monocascos por orden de coeficiente APH &#8211; rating ORC<\/p>\n<p style=\"text-align: center;\"><a class=\"calltoaction\" href=\"http:\/\/larutadelasal.com\/custom\/uploads\/2023\/04\/lista-inscritos-version-Barcelona-1.pdf\" target=\"_blank\" rel=\"noopener noreferrer\">VERSI\u00d3N BARCELONA<\/a><\/p>\n<p style=\"text-align: center;\"><a class=\"calltoaction\" href=\"http:\/\/larutadelasal.com\/custom\/uploads\/2023\/06\/lista-inscritos-version-Denia-1_2.pdf\" target=\"_blank\" rel=\"noopener noreferrer\">VERSI\u00d3N DENIA<\/a><\/p>\n<p style=\"text-align: center;\"><a class=\"calltoaction\" href=\"http:\/\/larutadelasal.com\/custom\/uploads\/2023\/04\/lista-inscritos-version-mini-sal-Denia-1.pdf\" target=\"_blank\" rel=\"noopener noreferrer\">VERSI\u00d3N MINISAL<\/a><\/p>\n<p style=\"text-align: center;\">Categor\u00eda A2<\/p>\n<p style=\"text-align: center;\"><a class=\"calltoaction\" href=\"http:\/\/larutadelasal.com\/custom\/uploads\/2023\/04\/8_RDLS-2023_BCN_A2.pdf\" target=\"_blank\" rel=\"noopener noreferrer\">A2 &#8211; VERSI\u00d3N BARCELONA<\/a><\/p>\n<p style=\"text-align: center;\"><a class=\"calltoaction\" href=\"http:\/\/larutadelasal.com\/custom\/uploads\/2023\/06\/8_RDLS-2023_DEN_A2_2.pdf\" target=\"_blank\" rel=\"noopener noreferrer\">A2 &#8211; VERSI\u00d3N DENIA<\/a><\/p>\n<p style=\"text-align: center;\">Categor\u00eda GlobeSailor<\/p>\n<p style=\"text-align: center;\"><a class=\"calltoaction\" href=\"http:\/\/larutadelasal.com\/custom\/uploads\/2023\/04\/8_RDLS-2023_BCN_GLOBE-SAILOR.pdf\" target=\"_blank\" rel=\"noopener noreferrer\">GlobeSailor &#8211; VERSI\u00d3N BARCELONA<\/a><\/p>\n<p style=\"text-align: center;\"><a class=\"calltoaction\" href=\"http:\/\/larutadelasal.com\/custom\/uploads\/2023\/04\/7_RDLS-2023_DEN_GLOBE-SAILOR.pdf\" target=\"_blank\" rel=\"noopener noreferrer\">GlobeSailor &#8211; VERSI\u00d3N DENIA<\/a><\/p>\n<p style=\"text-align: center;\">Categor\u00eda Salina<\/p>\n<p style=\"text-align: center;\"><a class=\"calltoaction\" href=\"http:\/\/larutadelasal.com\/custom\/uploads\/2023\/04\/8_RDLS-2023_BCN_SALINA.pdf\" target=\"_blank\" rel=\"noopener noreferrer\">Salina &#8211; VERSI\u00d3N BARCELONA<\/a><\/p>\n<p style=\"text-align: center;\"><a class=\"calltoaction\" href=\"http:\/\/larutadelasal.com\/custom\/uploads\/2023\/04\/8_RDLS-2023_DEN_SALINAS.pdf\" target=\"_blank\" rel=\"noopener noreferrer\">Salina &#8211; VERSI\u00d3N DENIA<\/a><\/p>\n<p style=\"text-align: center;\">Categor\u00eda Multicascos<\/p>\n<p style=\"text-align: center;\"><a class=\"calltoaction\" href=\"http:\/\/larutadelasal.com\/custom\/uploads\/2023\/04\/8_RDLS-2023_BCN_MULTICASCOS.pdf\" target=\"_blank\" rel=\"noopener noreferrer\">MedCat &#8211; Bali VERSI\u00d3N BARCELONA<\/a><\/p>\n<p style=\"text-align: center;\">VERSI\u00d3N MINI-SAL DENIA<\/p>\n<p style=\"text-align: center;\"><a class=\"calltoaction\" href=\"http:\/\/larutadelasal.com\/custom\/uploads\/2023\/04\/8_RDLS-2023_DEN_MINISAL.pdf\" target=\"_blank\" rel=\"noopener noreferrer\">VERSI\u00d3N MINI-SAL DENIA<\/a><\/p>\n<p>&nbsp;<\/p>\n<p style=\"text-align: center;\">Rogamos nos notifiquen cualquier error que puedan detectar en su inscripci\u00f3n.<br \/>\nPlease inform us about any mistake in your entry data.<\/p>\n<hr \/>\n<h2 style=\"text-align: center;\"><b>INSCRITOS 2022<\/b><\/h2>\n<hr \/>\n<p><strong>\u00a0Fecha actualizaci\u00f3n \/ updated on:<\/strong> 10\/04\/2022<\/p>\n<hr \/>\n<p style=\"text-align: center;\">Orden alfab\u00e9tico<\/p>\n<p style=\"text-align: center;\"><a class=\"calltoaction\" href=\"http:\/\/larutadelasal.com\/custom\/uploads\/2022\/04\/RDLS-2022_alfabetico_bcn_9.pdf\" target=\"_blank\" rel=\"noopener noreferrer\">VERSI\u00d3N BARCELONA<\/a><\/p>\n<p style=\"text-align: center;\"><a class=\"calltoaction\" href=\"http:\/\/larutadelasal.com\/custom\/uploads\/2022\/04\/RDLS-2022_alfabetico_den_9.pdf\" target=\"_blank\" rel=\"noopener noreferrer\">VERSI\u00d3N DENIA<\/a><\/p>\n<p style=\"text-align: center;\">Orden de numeral<\/p>\n<p style=\"text-align: center;\"><a class=\"calltoaction\" href=\"http:\/\/larutadelasal.com\/custom\/uploads\/2022\/04\/RDLS-2022-NUMERAL_bcn_9.pdf\" target=\"_blank\" rel=\"noopener noreferrer\">VERSI\u00d3N BARCELONA<\/a><\/p>\n<p style=\"text-align: center;\"><a class=\"calltoaction\" href=\"http:\/\/larutadelasal.com\/custom\/uploads\/2022\/04\/RDLS-2022-NUMERAL_Den9.pdf\" target=\"_blank\" rel=\"noopener noreferrer\">VERSI\u00d3N DENIA<\/a><\/p>\n<p style=\"text-align: center;\">Ordenados por categoria<\/p>\n<p style=\"text-align: center;\"><a class=\"calltoaction\" href=\"http:\/\/larutadelasal.com\/custom\/uploads\/2022\/04\/RDLS-2022-GRUPOS_bcn_9_2.pdf\" target=\"_blank\" rel=\"noopener noreferrer\">VERSI\u00d3N BARCELONA<\/a><\/p>\n<p style=\"text-align: center;\"><a class=\"calltoaction\" href=\"http:\/\/larutadelasal.com\/custom\/uploads\/2022\/04\/RDLS-2022-GRUPOS_Den9.pdf\" target=\"_blank\" rel=\"noopener noreferrer\">VERSI\u00d3N DENIA<\/a><\/p>\n<p style=\"text-align: center;\">Rogamos nos notifiquen cualquier error que puedan detectar en su inscripci\u00f3n.<br \/>\nPlease inform us about any mistake in your entry data.<\/p>\n<hr \/>\n<h2 style=\"text-align: center;\"><b>INSCRITOS 2021<\/b><\/h2>\n<hr \/>\n<p><strong>\u00a0Fecha actualizaci\u00f3n \/ updated on:<\/strong> 20\/05\/2021<\/p>\n<hr \/>\n<p style=\"text-align: center;\">Ordenados por numeral<\/p>\n<p style=\"text-align: center;\"><a class=\"calltoaction\" href=\"http:\/\/larutadelasal.com\/custom\/uploads\/2021\/05\/RDLS-2021-numeral_BCN_10.pdf\" target=\"_blank\" rel=\"noopener noreferrer\">VERSI\u00d3N BARCELONA<\/a><\/p>\n<p style=\"text-align: center;\"><a class=\"calltoaction\" href=\"http:\/\/larutadelasal.com\/custom\/uploads\/2021\/05\/RDLS-2021-numeral_Denia_10.pdf\" target=\"_blank\" rel=\"noopener noreferrer\">VERSI\u00d3N DENIA<\/a><\/p>\n<p style=\"text-align: center;\">Orden alfab\u00e9tico<\/p>\n<p style=\"text-align: center;\"><a class=\"calltoaction\" href=\"http:\/\/larutadelasal.com\/custom\/uploads\/2021\/05\/RDLS-2021-alfabetico_BCN_10.pdf\" target=\"_blank\" rel=\"noopener noreferrer\">VERSI\u00d3N BARCELONA<\/a><\/p>\n<p style=\"text-align: center;\"><a class=\"calltoaction\" href=\"http:\/\/larutadelasal.com\/custom\/uploads\/2021\/05\/RDLS-2021-alfabetico_Denia_10.pdf\" target=\"_blank\" rel=\"noopener noreferrer\">VERSI\u00d3N DENIA<\/a><\/p>\n<p>&nbsp;<\/p>\n<p style=\"text-align: center;\">Rogamos nos notifiquen cualquier error que puedan detectar en su inscripci\u00f3n.<br \/>\nPlease inform us about any mistake in your entry data.<\/p>\n<hr \/>\n<h2 style=\"text-align: center;\"><b>INSCRITOS 2020<\/b><\/h2>\n<hr \/>\n<p><strong>\u00a0Fecha actualizaci\u00f3n \/ updated on: <\/strong>11\/03\/2020<\/p>\n<hr \/>\n<p style=\"text-align: center;\"><a class=\"calltoaction\" href=\"http:\/\/larutadelasal.com\/custom\/uploads\/2020\/03\/RDLS_2020_BCN_num_6.pdf\" target=\"_blank\" rel=\"noopener noreferrer\">VERSI\u00d3N BARCELONA<\/a><\/p>\n<p style=\"text-align: center;\"><a class=\"calltoaction\" href=\"http:\/\/larutadelasal.com\/custom\/uploads\/2020\/03\/RDLS_2020_DEN_num_6.pdf\" target=\"_blank\" rel=\"noopener noreferrer\">VERSI\u00d3N DENIA<\/a><\/p>\n<p style=\"text-align: center;\"><a class=\"calltoaction\" href=\"http:\/\/larutadelasal.com\/custom\/uploads\/2020\/03\/RDLS_2020_MALL_num_6.pdf\" target=\"_blank\" rel=\"noopener noreferrer\">VERSI\u00d3N MALLORCA<\/a><\/p>\n<p style=\"text-align: center;\">Rogamos nos notifiquen cualquier error que puedan detectar en su inscripci\u00f3n.<br \/>\nPlease inform us about any mistake in your entry data.<\/p>\n<hr \/>\n<h2 style=\"text-align: center;\"><b>INSCRITOS 2019<\/b><\/h2>\n<hr \/>\n<p><strong>\u00a0Fecha actualizaci\u00f3n \/ updated on: <\/strong>18-04-2019<\/p>\n<hr \/>\n<p>En los listados siguientes se presentan los listados de inscritos (confirmados) y pre-inscritos (por confirmar). Una inscripci\u00f3n no se considera confirmada hasta que se han satisfecho los derechos de inscripci\u00f3n correspondientes.<\/p>\n<p style=\"text-align: center;\"><a class=\"calltoaction\" href=\"https:\/\/larutadelasal.com\/custom\/uploads\/2019\/04\/INSCRITOS-FINALES-NUMERAL-BARCELONA.pdf&quot;\" target=\"_blank\" rel=\"noopener noreferrer\">VERSI\u00d3N BARCELONA<\/a><\/p>\n<p style=\"text-align: center;\"><a class=\"calltoaction\" href=\"https:\/\/larutadelasal.com\/custom\/uploads\/2019\/04\/INSCRITOS-FINALES-NUMERAL-DENIA.pdf\" target=\"_blank\" rel=\"noopener noreferrer\">VERSI\u00d3N DENIA<\/a><\/p>\n<p style=\"text-align: center;\"><a class=\"calltoaction\" href=\"https:\/\/larutadelasal.com\/custom\/uploads\/2019\/04\/INSCRITOS-FINALES-NUMERAL-MALLORCA.pdf\" target=\"_blank\" rel=\"noopener noreferrer\">VERSI\u00d3N MALLORCA<\/a><\/p>\n<hr \/>\n<p style=\"text-align: left;\">Please inform us about any mistake in your entry data.<\/p>\n<p style=\"text-align: left;\">Rogamos nos notifiquen cualquier error que puedan detectar en su inscripci\u00f3n.<br \/>\nPlease inform us about any mistake in your entry data.<\/p>\n<p><!--\n\n\n<p style=\"text-align:center;\"> En breve ser\u00e1n publicados los primeros participantes<\/p>\n\n\nVERSI\u00d3N BARCELONA -\u00a0<a href=\"https:\/\/larutadelasal.com\/files\/2011\/03\/Lllista-provisional-dinscrits_RDLS_2019_SB_5.pdf\">ABRIR PDF<\/a>\n\nVERSI\u00d3N DENIA -\u00a0<a href=\"https:\/\/larutadelasal.com\/files\/2011\/03\/Lllista-provisional-dinscrits_RDLS_2019_5.pdf\">ABRIR PDF<\/a>\n\n\n<p style=\"text-align: left;\">VERSI\u00d3N MALLORCA -\u00a0<a href=\"https:\/\/larutadelasal.com\/files\/2011\/03\/Pre_inscritos_RDLS_2019_SM_4_NUM.pdf\">ABRIR PDF<\/a><\/p>\n\n\n\n\n<p style=\"text-align: left;\">.<\/p>\n\n\n\n\n\n\n<hr \/>\n\n\n\n\n<p style=\"text-align: left;\">Rogamos nos notifiquen cualquier error que puedan detectar en su inscripci\u00f3n.<\/p>\n\n\n\n\n\n\n<hr \/>\n\n\n\n\n<p style=\"text-align: left;\">Please inform us about any mistake in your entry data.<\/p>\n\n\n\n\n\n<p style=\"text-align:center;\"> Rogamos nos notifiquen cualquier error que puedan detectar en su inscripci\u00f3n.\nPlease inform us about any mistake in your entry data.\n\n--><\/p>\n","protected":false},"excerpt":{"rendered":"<p>INSCRITOS 2024 \u00a0Fecha actualizaci\u00f3n \/ updated on: 25\/03\/2024 Todos los barcos por orden de rating VERSI\u00d3N BARCELONA VERSI\u00d3N DENIA Todos los barcos por orden alfab\u00e9tico VERSI\u00d3N BARCELONA VERSI\u00d3N DENIA Todos los barcos por categor\u00eda VERSI\u00d3N BARCELONA VERSI\u00d3N DENIA INSCRITOS 2023 \u00a0Fecha actualizaci\u00f3n \/ updated on: 04\/04\/2023 Todos los barcos por orden alfab\u00e9tico VERSI\u00d3N BARCELONA VERSI\u00d3N [&hellip;]<\/p>\n","protected":false},"author":1,"featured_media":0,"parent":0,"menu_order":0,"comment_status":"open","ping_status":"closed","template":"","meta":{"_acf_changed":false,"footnotes":""},"acf":[],"yoast_head":"<!-- This site is optimized with the Yoast SEO plugin v23.0 - https:\/\/yoast.com\/wordpress\/plugins\/seo\/ -->\n<title>RELACI\u00d3N DE INSCRITOS | Regata La Ruta de la Sal<\/title>\n<meta name=\"description\" content=\"En los listados siguientes se presentan la relaci\u00f3n de Inscritos con todos los barcos participantes en la Regata La Ruta de la Sal.\" \/>\n<meta name=\"robots\" content=\"noindex, follow, max-snippet:-1, max-image-preview:large, max-video-preview:-1\" \/>\n<meta property=\"og:locale\" content=\"es_ES\" \/>\n<meta property=\"og:type\" content=\"article\" \/>\n<meta property=\"og:title\" content=\"Relaci\u00f3n de inscritos | Regata La Ruta de la Sal\" \/>\n<meta property=\"og:description\" content=\"En los listados siguientes se presentan la relaci\u00f3n de Inscritos con todos los barcos participantes en la Regata La Ruta de la Sal.\" \/>\n<meta property=\"og:url\" content=\"https:\/\/labs.100x100.net\/projects\/rutasal\/relacion-de-inscritos\/\" \/>\n<meta property=\"og:site_name\" content=\"Regata La Ruta de la Sal\" \/>\n<meta property=\"article:publisher\" content=\"https:\/\/www.facebook.com\/rutadelasal\/\" \/>\n<meta property=\"article:modified_time\" content=\"2024-03-28T02:20:20+00:00\" \/>\n<meta property=\"og:image\" content=\"https:\/\/labs.100x100.net\/projects\/rutasal\/custom\/uploads\/2019\/04\/ruta-de-la-sal.jpg\" \/>\n\t<meta property=\"og:image:width\" content=\"900\" \/>\n\t<meta property=\"og:image:height\" content=\"601\" \/>\n\t<meta property=\"og:image:type\" content=\"image\/jpeg\" \/>\n<meta name=\"twitter:card\" content=\"summary_large_image\" \/>\n<meta name=\"twitter:site\" content=\"@AnamMedi\" \/>\n<meta name=\"twitter:label1\" content=\"Tiempo de lectura\" \/>\n\t<meta name=\"twitter:data1\" content=\"2 minutos\" \/>\n<script type=\"application\/ld+json\" class=\"yoast-schema-graph\">{\"@context\":\"https:\/\/schema.org\",\"@graph\":[{\"@type\":\"WebPage\",\"@id\":\"https:\/\/labs.100x100.net\/projects\/rutasal\/relacion-de-inscritos\/\",\"url\":\"https:\/\/labs.100x100.net\/projects\/rutasal\/relacion-de-inscritos\/\",\"name\":\"RELACI\u00d3N DE INSCRITOS | Regata La Ruta de la Sal\",\"isPartOf\":{\"@id\":\"https:\/\/labs.100x100.net\/projects\/rutasal\/#website\"},\"datePublished\":\"2011-03-23T11:40:55+00:00\",\"dateModified\":\"2024-03-28T02:20:20+00:00\",\"description\":\"En los listados siguientes se presentan la relaci\u00f3n de Inscritos con todos los barcos participantes en la Regata La Ruta de la Sal.\",\"breadcrumb\":{\"@id\":\"https:\/\/labs.100x100.net\/projects\/rutasal\/relacion-de-inscritos\/#breadcrumb\"},\"inLanguage\":\"es\",\"potentialAction\":[{\"@type\":\"ReadAction\",\"target\":[\"https:\/\/labs.100x100.net\/projects\/rutasal\/relacion-de-inscritos\/\"]}]},{\"@type\":\"BreadcrumbList\",\"@id\":\"https:\/\/labs.100x100.net\/projects\/rutasal\/relacion-de-inscritos\/#breadcrumb\",\"itemListElement\":[{\"@type\":\"ListItem\",\"position\":1,\"name\":\"Portada\",\"item\":\"https:\/\/labs.100x100.net\/projects\/rutasal\/\"},{\"@type\":\"ListItem\",\"position\":2,\"name\":\"RELACI\u00d3N DE INSCRITOS\"}]},{\"@type\":\"WebSite\",\"@id\":\"https:\/\/labs.100x100.net\/projects\/rutasal\/#website\",\"url\":\"https:\/\/labs.100x100.net\/projects\/rutasal\/\",\"name\":\"Regata La Ruta de la Sal\",\"description\":\"Regata La Ruta de la Sal es una regata de Altura Mediterr\u00e1nea para barcos de crucero a vela con destino en Ibiza, que se disputa anualmente en Semana Santa.\",\"potentialAction\":[{\"@type\":\"SearchAction\",\"target\":{\"@type\":\"EntryPoint\",\"urlTemplate\":\"https:\/\/labs.100x100.net\/projects\/rutasal\/?s={search_term_string}\"},\"query-input\":\"required name=search_term_string\"}],\"inLanguage\":\"es\"}]}<\/script>\n<!-- \/ Yoast SEO plugin. -->","yoast_head_json":{"title":"RELACI\u00d3N DE INSCRITOS | Regata La Ruta de la Sal","description":"En los listados siguientes se presentan la relaci\u00f3n de Inscritos con todos los barcos participantes en la Regata La Ruta de la Sal.","robots":{"index":"noindex","follow":"follow","max-snippet":"max-snippet:-1","max-image-preview":"max-image-preview:large","max-video-preview":"max-video-preview:-1"},"og_locale":"es_ES","og_type":"article","og_title":"Relaci\u00f3n de inscritos | Regata La Ruta de la Sal","og_description":"En los listados siguientes se presentan la relaci\u00f3n de Inscritos con todos los barcos participantes en la Regata La Ruta de la Sal.","og_url":"https:\/\/labs.100x100.net\/projects\/rutasal\/relacion-de-inscritos\/","og_site_name":"Regata La Ruta de la Sal","article_publisher":"https:\/\/www.facebook.com\/rutadelasal\/","article_modified_time":"2024-03-28T02:20:20+00:00","og_image":[{"width":900,"height":601,"url":"https:\/\/labs.100x100.net\/projects\/rutasal\/custom\/uploads\/2019\/04\/ruta-de-la-sal.jpg","type":"image\/jpeg"}],"twitter_card":"summary_large_image","twitter_site":"@AnamMedi","twitter_misc":{"Tiempo de lectura":"2 minutos"},"schema":{"@context":"https:\/\/schema.org","@graph":[{"@type":"WebPage","@id":"https:\/\/labs.100x100.net\/projects\/rutasal\/relacion-de-inscritos\/","url":"https:\/\/labs.100x100.net\/projects\/rutasal\/relacion-de-inscritos\/","name":"RELACI\u00d3N DE INSCRITOS | Regata La Ruta de la Sal","isPartOf":{"@id":"https:\/\/labs.100x100.net\/projects\/rutasal\/#website"},"datePublished":"2011-03-23T11:40:55+00:00","dateModified":"2024-03-28T02:20:20+00:00","description":"En los listados siguientes se presentan la relaci\u00f3n de Inscritos con todos los barcos participantes en la Regata La Ruta de la Sal.","breadcrumb":{"@id":"https:\/\/labs.100x100.net\/projects\/rutasal\/relacion-de-inscritos\/#breadcrumb"},"inLanguage":"es","potentialAction":[{"@type":"ReadAction","target":["https:\/\/labs.100x100.net\/projects\/rutasal\/relacion-de-inscritos\/"]}]},{"@type":"BreadcrumbList","@id":"https:\/\/labs.100x100.net\/projects\/rutasal\/relacion-de-inscritos\/#breadcrumb","itemListElement":[{"@type":"ListItem","position":1,"name":"Portada","item":"https:\/\/labs.100x100.net\/projects\/rutasal\/"},{"@type":"ListItem","position":2,"name":"RELACI\u00d3N DE INSCRITOS"}]},{"@type":"WebSite","@id":"https:\/\/labs.100x100.net\/projects\/rutasal\/#website","url":"https:\/\/labs.100x100.net\/projects\/rutasal\/","name":"Regata La Ruta de la Sal","description":"Regata La Ruta de la Sal es una regata de Altura Mediterr\u00e1nea para barcos de crucero a vela con destino en Ibiza, que se disputa anualmente en Semana Santa.","potentialAction":[{"@type":"SearchAction","target":{"@type":"EntryPoint","urlTemplate":"https:\/\/labs.100x100.net\/projects\/rutasal\/?s={search_term_string}"},"query-input":"required name=search_term_string"}],"inLanguage":"es"}]}},"_links":{"self":[{"href":"https:\/\/labs.100x100.net\/projects\/rutasal\/wp-json\/wp\/v2\/pages\/424"}],"collection":[{"href":"https:\/\/labs.100x100.net\/projects\/rutasal\/wp-json\/wp\/v2\/pages"}],"about":[{"href":"https:\/\/labs.100x100.net\/projects\/rutasal\/wp-json\/wp\/v2\/types\/page"}],"author":[{"embeddable":true,"href":"https:\/\/labs.100x100.net\/projects\/rutasal\/wp-json\/wp\/v2\/users\/1"}],"replies":[{"embeddable":true,"href":"https:\/\/labs.100x100.net\/projects\/rutasal\/wp-json\/wp\/v2\/comments?post=424"}],"version-history":[{"count":80,"href":"https:\/\/labs.100x100.net\/projects\/rutasal\/wp-json\/wp\/v2\/pages\/424\/revisions"}],"predecessor-version":[{"id":9834,"href":"https:\/\/labs.100x100.net\/projects\/rutasal\/wp-json\/wp\/v2\/pages\/424\/revisions\/9834"}],"wp:attachment":[{"href":"https:\/\/labs.100x100.net\/projects\/rutasal\/wp-json\/wp\/v2\/media?parent=424"}],"curies":[{"name":"wp","href":"https:\/\/api.w.org\/{rel}","templated":true}]}}