{"id":3519,"date":"2019-03-04T19:46:04","date_gmt":"2019-03-04T17:46:04","guid":{"rendered":"https:\/\/larutadelasal.com\/?page_id=3519"},"modified":"2019-04-28T17:57:47","modified_gmt":"2019-04-28T15:57:47","slug":"videos-la-ruta-de-la-sal","status":"publish","type":"page","link":"https:\/\/labs.100x100.net\/projects\/rutasal\/videos-la-ruta-de-la-sal\/","title":{"rendered":"V\u00eddeos"},"content":{"rendered":"","protected":false},"excerpt":{"rendered":"","protected":false},"author":1,"featured_media":0,"parent":0,"menu_order":0,"comment_status":"closed","ping_status":"closed","template":"tmpl-videos.php","meta":{"_acf_changed":false,"footnotes":""},"acf":[],"yoast_head":"<!-- This site is optimized with the Yoast SEO plugin v23.0 - https:\/\/yoast.com\/wordpress\/plugins\/seo\/ -->\n<title>V\u00eddeos | Regata La Ruta de la Sal<\/title>\n<meta name=\"description\" content=\"Entra y descubre los espctaculares v\u00eddeos de La Ruta de la Sal con las mejores im\u00e1genes de lo sucedido en la regata. \u00a1No te los pierdas!\" \/>\n<meta name=\"robots\" content=\"noindex, follow, max-snippet:-1, max-image-preview:large, max-video-preview:-1\" \/>\n<meta property=\"og:locale\" content=\"es_ES\" \/>\n<meta property=\"og:type\" content=\"article\" \/>\n<meta property=\"og:title\" content=\"V\u00eddeos | Regata La Ruta de la Sal\" \/>\n<meta property=\"og:description\" content=\"Entra y descubre los espctaculares v\u00eddeos de La Ruta de la Sal con las mejores im\u00e1genes de lo sucedido en la regata. \u00a1No te los pierdas!\" \/>\n<meta property=\"og:url\" content=\"https:\/\/labs.100x100.net\/projects\/rutasal\/videos-la-ruta-de-la-sal\/\" \/>\n<meta property=\"og:site_name\" content=\"Regata La Ruta de la Sal\" \/>\n<meta property=\"article:publisher\" content=\"https:\/\/www.facebook.com\/rutadelasal\/\" \/>\n<meta property=\"article:modified_time\" content=\"2019-04-28T15:57:47+00:00\" \/>\n<meta property=\"og:image\" content=\"https:\/\/labs.100x100.net\/projects\/rutasal\/custom\/uploads\/2019\/04\/Regata-la-ruta-de-la-sal-salida-videos-e1556467038852.jpg\" \/>\n\t<meta property=\"og:image:width\" content=\"1024\" \/>\n\t<meta property=\"og:image:height\" content=\"683\" \/>\n\t<meta property=\"og:image:type\" content=\"image\/jpeg\" \/>\n<meta name=\"twitter:card\" content=\"summary_large_image\" \/>\n<meta name=\"twitter:site\" content=\"@AnamMedi\" \/>\n<script type=\"application\/ld+json\" class=\"yoast-schema-graph\">{\"@context\":\"https:\/\/schema.org\",\"@graph\":[{\"@type\":\"WebPage\",\"@id\":\"https:\/\/labs.100x100.net\/projects\/rutasal\/videos-la-ruta-de-la-sal\/\",\"url\":\"https:\/\/labs.100x100.net\/projects\/rutasal\/videos-la-ruta-de-la-sal\/\",\"name\":\"V\u00eddeos | Regata La Ruta de la Sal\",\"isPartOf\":{\"@id\":\"https:\/\/labs.100x100.net\/projects\/rutasal\/#website\"},\"datePublished\":\"2019-03-04T17:46:04+00:00\",\"dateModified\":\"2019-04-28T15:57:47+00:00\",\"description\":\"Entra y descubre los espctaculares v\u00eddeos de La Ruta de la Sal con las mejores im\u00e1genes de lo sucedido en la regata. \u00a1No te los pierdas!\",\"breadcrumb\":{\"@id\":\"https:\/\/labs.100x100.net\/projects\/rutasal\/videos-la-ruta-de-la-sal\/#breadcrumb\"},\"inLanguage\":\"es\",\"potentialAction\":[{\"@type\":\"ReadAction\",\"target\":[\"https:\/\/labs.100x100.net\/projects\/rutasal\/videos-la-ruta-de-la-sal\/\"]}]},{\"@type\":\"BreadcrumbList\",\"@id\":\"https:\/\/labs.100x100.net\/projects\/rutasal\/videos-la-ruta-de-la-sal\/#breadcrumb\",\"itemListElement\":[{\"@type\":\"ListItem\",\"position\":1,\"name\":\"Portada\",\"item\":\"https:\/\/labs.100x100.net\/projects\/rutasal\/\"},{\"@type\":\"ListItem\",\"position\":2,\"name\":\"V\u00eddeos\"}]},{\"@type\":\"WebSite\",\"@id\":\"https:\/\/labs.100x100.net\/projects\/rutasal\/#website\",\"url\":\"https:\/\/labs.100x100.net\/projects\/rutasal\/\",\"name\":\"Regata La Ruta de la Sal\",\"description\":\"Regata La Ruta de la Sal es una regata de Altura Mediterr\u00e1nea para barcos de crucero a vela con destino en Ibiza, que se disputa anualmente en Semana Santa.\",\"potentialAction\":[{\"@type\":\"SearchAction\",\"target\":{\"@type\":\"EntryPoint\",\"urlTemplate\":\"https:\/\/labs.100x100.net\/projects\/rutasal\/?s={search_term_string}\"},\"query-input\":\"required name=search_term_string\"}],\"inLanguage\":\"es\"}]}<\/script>\n<!-- \/ Yoast SEO plugin. -->","yoast_head_json":{"title":"V\u00eddeos | Regata La Ruta de la Sal","description":"Entra y descubre los espctaculares v\u00eddeos de La Ruta de la Sal con las mejores im\u00e1genes de lo sucedido en la regata. \u00a1No te los pierdas!","robots":{"index":"noindex","follow":"follow","max-snippet":"max-snippet:-1","max-image-preview":"max-image-preview:large","max-video-preview":"max-video-preview:-1"},"og_locale":"es_ES","og_type":"article","og_title":"V\u00eddeos | Regata La Ruta de la Sal","og_description":"Entra y descubre los espctaculares v\u00eddeos de La Ruta de la Sal con las mejores im\u00e1genes de lo sucedido en la regata. \u00a1No te los pierdas!","og_url":"https:\/\/labs.100x100.net\/projects\/rutasal\/videos-la-ruta-de-la-sal\/","og_site_name":"Regata La Ruta de la Sal","article_publisher":"https:\/\/www.facebook.com\/rutadelasal\/","article_modified_time":"2019-04-28T15:57:47+00:00","og_image":[{"width":1024,"height":683,"url":"https:\/\/labs.100x100.net\/projects\/rutasal\/custom\/uploads\/2019\/04\/Regata-la-ruta-de-la-sal-salida-videos-e1556467038852.jpg","type":"image\/jpeg"}],"twitter_card":"summary_large_image","twitter_site":"@AnamMedi","schema":{"@context":"https:\/\/schema.org","@graph":[{"@type":"WebPage","@id":"https:\/\/labs.100x100.net\/projects\/rutasal\/videos-la-ruta-de-la-sal\/","url":"https:\/\/labs.100x100.net\/projects\/rutasal\/videos-la-ruta-de-la-sal\/","name":"V\u00eddeos | Regata La Ruta de la Sal","isPartOf":{"@id":"https:\/\/labs.100x100.net\/projects\/rutasal\/#website"},"datePublished":"2019-03-04T17:46:04+00:00","dateModified":"2019-04-28T15:57:47+00:00","description":"Entra y descubre los espctaculares v\u00eddeos de La Ruta de la Sal con las mejores im\u00e1genes de lo sucedido en la regata. \u00a1No te los pierdas!","breadcrumb":{"@id":"https:\/\/labs.100x100.net\/projects\/rutasal\/videos-la-ruta-de-la-sal\/#breadcrumb"},"inLanguage":"es","potentialAction":[{"@type":"ReadAction","target":["https:\/\/labs.100x100.net\/projects\/rutasal\/videos-la-ruta-de-la-sal\/"]}]},{"@type":"BreadcrumbList","@id":"https:\/\/labs.100x100.net\/projects\/rutasal\/videos-la-ruta-de-la-sal\/#breadcrumb","itemListElement":[{"@type":"ListItem","position":1,"name":"Portada","item":"https:\/\/labs.100x100.net\/projects\/rutasal\/"},{"@type":"ListItem","position":2,"name":"V\u00eddeos"}]},{"@type":"WebSite","@id":"https:\/\/labs.100x100.net\/projects\/rutasal\/#website","url":"https:\/\/labs.100x100.net\/projects\/rutasal\/","name":"Regata La Ruta de la Sal","description":"Regata La Ruta de la Sal es una regata de Altura Mediterr\u00e1nea para barcos de crucero a vela con destino en Ibiza, que se disputa anualmente en Semana Santa.","potentialAction":[{"@type":"SearchAction","target":{"@type":"EntryPoint","urlTemplate":"https:\/\/labs.100x100.net\/projects\/rutasal\/?s={search_term_string}"},"query-input":"required name=search_term_string"}],"inLanguage":"es"}]}},"_links":{"self":[{"href":"https:\/\/labs.100x100.net\/projects\/rutasal\/wp-json\/wp\/v2\/pages\/3519"}],"collection":[{"href":"https:\/\/labs.100x100.net\/projects\/rutasal\/wp-json\/wp\/v2\/pages"}],"about":[{"href":"https:\/\/labs.100x100.net\/projects\/rutasal\/wp-json\/wp\/v2\/types\/page"}],"author":[{"embeddable":true,"href":"https:\/\/labs.100x100.net\/projects\/rutasal\/wp-json\/wp\/v2\/users\/1"}],"replies":[{"embeddable":true,"href":"https:\/\/labs.100x100.net\/projects\/rutasal\/wp-json\/wp\/v2\/comments?post=3519"}],"version-history":[{"count":2,"href":"https:\/\/labs.100x100.net\/projects\/rutasal\/wp-json\/wp\/v2\/pages\/3519\/revisions"}],"predecessor-version":[{"id":3951,"href":"https:\/\/labs.100x100.net\/projects\/rutasal\/wp-json\/wp\/v2\/pages\/3519\/revisions\/3951"}],"wp:attachment":[{"href":"https:\/\/labs.100x100.net\/projects\/rutasal\/wp-json\/wp\/v2\/media?parent=3519"}],"curies":[{"name":"wp","href":"https:\/\/api.w.org\/{rel}","templated":true}]}}