{"id":3,"date":"2019-01-30T08:33:29","date_gmt":"2019-01-30T06:33:29","guid":{"rendered":"https:\/\/larutadelasal.com\/rudder\/?page_id=3"},"modified":"2023-12-11T16:50:05","modified_gmt":"2023-12-11T14:50:05","slug":"politica-de-privacidad","status":"publish","type":"page","link":"https:\/\/labs.100x100.net\/projects\/rutasal\/politica-de-privacidad\/","title":{"rendered":"Pol\u00edtica de privacidad"},"content":{"rendered":"<p>Responsable: EVENTOS N\u00c1UTICOS REGATA S.L.<br \/>\nFinalidad: La atenci\u00f3n de solicitudes de diversa \u00edndole por parte del Usuario<br \/>\nLegitimaci\u00f3n: Consentimiento del interesado y obligaci\u00f3n sobre la relaci\u00f3n contractual.<br \/>\nDestinatarios: Otras empresas del grupo. Encargados de Tratamiento dentro o fuera de la UE, acogido a \u201cPrivacyShield\u201d<br \/>\nDerechos: Acceder, rectificar y suprimir los datos, as\u00ed como otros derechos, como se explica en la informaci\u00f3n adicional +info\u2026<\/p>\n<h3>2. INFORMACI\u00d3N ADICIONAL<\/h3>\n<p>Las presente Pol\u00edtica de Protecci\u00f3n de datos regula el tratamiento de datos personales facilitados por el Usuario a trav\u00e9s del portal de Internet (en adelante, el \u201cPortal\u201d) que EVENTOS N\u00c1UTICOS REGATA S.L. pone a disposici\u00f3n de los usuarios de Internet. La presente Pol\u00edtica forma parte integrante del Aviso Legal accesible en todo momento desde el Portal.<\/p>\n<p>El Usuario garantiza que los datos aportados son verdaderos, exactos, completos y actualizados, siendo responsable de cualquier da\u00f1o o perjuicio, directo o indirecto, que pudiera ocasionarse como consecuencia del incumplimiento de tal obligaci\u00f3n. En el caso de que los datos aportados pertenecieran a un tercero, el Usuario garantiza que ha informado a dicho tercero de los aspectos contenidos en este documento y obtenido su autorizaci\u00f3n para facilitar sus datos a EVENTOS N\u00c1UTICOS REGATA S.L. . para los fines se\u00f1alados.<\/p>\n<p>Con objeto de ofrecer informaci\u00f3n o servicios de inter\u00e9s en funci\u00f3n de la localizaci\u00f3n del Usuario, EVENTOS N\u00c1UTICOS REGATA S.L. podr\u00e1 acceder a datos relativos a la geolocalizaci\u00f3n del dispositivo del Usuario, en aquellos casos en que la configuraci\u00f3n del usuario al efecto as\u00ed lo permita.<\/p>\n<p>A efectos de seguridad t\u00e9cnica y diagn\u00f3stico de sistemas, de forma anonimizada o agregada, EVENTOS N\u00c1UTICOS REGATA S.L. . podr\u00e1 registrar la direcci\u00f3n IP (n\u00famero de identificaci\u00f3n del acceso a Internet del dispositivo, que permite a los dispositivos, sistemas y servidores reconocerse y comunicarse entre s\u00ed). Dicha informaci\u00f3n podr\u00e1 ser tambi\u00e9n empleada con finalidades anal\u00edticas de rendimiento web.<\/p>\n<h3>2.1.\u00bfQUI\u00c9N ES EL RESPONSABLE DEL TRATAMIENTO DE LOS DATOS PERSONALES DEL USUARIO?<\/h3>\n<p>Identidad: EVENTOS N\u00c1UTICOS REGATA S.L. es una sociedad espa\u00f1ola inscrita en el Registro Mercantil de Barcelona con n\u00famero de CIF B44866416.<br \/>\nDirecci\u00f3n postal: Calle Maquinista 54, 08003, Barcelona<br \/>\nTel\u00e9fono: 933 180 101<br \/>\nFax: 933 183 505<br \/>\nCorreo electr\u00f3nico: <a href=\"mailto:info@enregata.com\">info@enregata.com<\/a><\/p>\n<h3>2.2. \u00bfCON QU\u00c9 FINALIDAD TRATAMOS LOS DATOS PERSONALES DEL USUARIO?<\/h3>\n<p>EVENTOS N\u00c1UTICOS REGATA S.L. trata la informaci\u00f3n facilitada por el Usuario con el fin de atender las solicitudes de diversa \u00edndole llevadas a cabo por parte de este. En funci\u00f3n de la naturaleza de la solicitud, la finalidad perseguir\u00e1 la gesti\u00f3n de:<br \/>\na. Consultas y solicitudes de propuestas, (RFP) remitidas a trav\u00e9s del formulario de contacto habilitado al efecto.<br \/>\nb. Comunicaciones a trav\u00e9s de Newsletters.<br \/>\nc. Suscripciones a diferentes webs del grupo.<br \/>\nd. Comunicaciones electr\u00f3nicas de naturaleza informativa, de acuerdo con sus intereses.<\/p>\n<p>EVENTOS N\u00c1UTICOS REGATA S.L. podr\u00e1 elaborar un perfil comercial, con base en la informaci\u00f3n facilitada. No se tomar\u00e1n decisiones automatizadas con base en dicho perfil.<\/p>\n<p>En el supuesto de que el Usuario se registre en el Portal a trav\u00e9s del login social, EVENTOS N\u00c1UTICOS REGATA S.L. \u00fanicamente acceder\u00e1 a los datos personales del Usuario para los que haya prestado su consentimiento durante la configuraci\u00f3n del acceso de la red social de que se trate. Cualquier informaci\u00f3n facilitada en conexi\u00f3n con dichas aplicaciones sociales podr\u00eda ser accedida por miembros de la correspondiente red social, dichas interacciones se regir\u00e1n por las pol\u00edticas de privacidad de las entidades prestadoras de los servicios. EVENTOS N\u00c1UTICOS REGATA S.L.no dispone de ning\u00fan control ni responsabilidad respecto de dichas entidades o del uso que realicen de la informaci\u00f3n del usuario.<\/p>\n<h3>2.2.1. INFORMACI\u00d3N ACERCA DEL TRATAMIENTO DE DATOS PARA ENV\u00cdO DE COMUNICACIONES DESDE DIFUSI\u00d3N NA\u00daTICA, S.A.<\/h3>\n<p>Los datos empleados, o facilitados, en las comunicaciones informativas y\/o promocionales son tratados por EVENTOS N\u00c1UTICOS REGATA S.L. para finalidades consistentes en el env\u00edo electr\u00f3nico de informaci\u00f3n y comunicaciones sobre servicios, actividades, publicaciones y acontecimientos y profesionales de EVENTOS N\u00c1UTICOS REGATA S.L. o del seguimiento y optimizaci\u00f3n de las campa\u00f1as de marketing realizadas mediante tecnolog\u00edas al efecto; y la elaboraci\u00f3n de perfiles con finalidades comerciales.<\/p>\n<p>El consentimiento para el env\u00edo de dichas comunicaciones podr\u00e1 ser revocado en todo momento en cada una de las comunicaciones recibidas mediante el mecanismo habilitado al efecto.<\/p>\n<p>El criterio de conservaci\u00f3n de los datos tendr\u00e1 base en la manifestaci\u00f3n contraria al tratamiento por su parte. En todo caso, Podr\u00e1 ejercer los derechos de acceso, rectificaci\u00f3n, limitaci\u00f3n, supresi\u00f3n, portabilidad y oposici\u00f3n, dirigiendo su petici\u00f3n a la direcci\u00f3n postal indicada m\u00e1s arriba o bien a trav\u00e9s de correo electr\u00f3nico <a href=\"mailto:info@enregata.com\">info@enregata.com<\/a><\/p>\n<h3>2.3. \u00bfPOR CU\u00c1NTO TIEMPO CONSERVAREMOS LOS DATOS PERSONALES DEL USUARIO?<\/h3>\n<p>Con car\u00e1cter general, los datos personales proporcionados se conservar\u00e1n durante el tiempo necesario para atender la solicitud del Usuario o mientras no se solicite su supresi\u00f3n por el Usuario.<\/p>\n<h3>2.4. \u00bfCU\u00c1L ES LA LEGITIMACI\u00d3N PARA EL TRATAMIENTO DE LOS DATOS PERSONALES DEL USUARIO?<\/h3>\n<p>La base legal para el tratamiento de los datos es la legitimaci\u00f3n por consentimiento expreso del Usuario y la relaci\u00f3n contractual en el momento del env\u00edo del formulario de inscripci\u00f3n a alguna de las actividades que organizamos.<\/p>\n<h3>2.5. \u00bfA QU\u00c9 DESTINATARIOS SE COMUNICAR\u00c1N LOS DATOS PERSONALES DEL USUARIO?<\/h3>\n<p>En aquellos casos en que la solicitud del Usuario as\u00ed lo justifique los datos identificativos podr\u00e1n facilitarse a encargados del tratamiento EVENTOS N\u00c1UTICOS REGATA S.L.<\/p>\n<p>As\u00ed mismo, los datos podr\u00e1n ser cedidos a administraciones y organismos p\u00fablicos para el cumplimiento de obligaciones directamente exigibles a EVENTOS N\u00c1UTICOS REGATA S.L..<\/p>\n<p>Los datos tambi\u00e9n podr\u00e1n ser cedidos a terceras entidades, como los clubs n\u00e1uticos o puertos deportivos que colaboran en los eventos con el objetivo de facilitar la organizaci\u00f3n de los mismos.<\/p>\n<h3>2.6. \u00bfCU\u00c1LES SON LOS DERECHOS DEL USUARIO CUANDO NOS FACILITA SUS DATOS PERSONALES?<\/h3>\n<p>El Usuario tiene derecho a obtener confirmaci\u00f3n sobre si EVENTOS N\u00c1UTICOS REGATA S.L. trata datos personales que le conciernen, as\u00ed como a acceder a sus datos personales, solicitar la rectificaci\u00f3n de los datos inexactos o, en su caso, solicitar su supresi\u00f3n cuando, entre otros motivos, los datos ya no sean necesarios para los fines que fueron recogidos.<\/p>\n<p>En determinadas circunstancias, el Usuario podr\u00e1 solicitar la limitaci\u00f3n del tratamiento de sus datos, en cuyo caso \u00fanicamente se conservar\u00e1n para el ejercicio o la defensa de reclamaciones.<\/p>\n<p>En determinadas circunstancias y por motivos relacionados con su situaci\u00f3n particular, el Usuario podr\u00e1 oponerse al tratamiento de sus datos. EVENTOS N\u00c1UTICOS REGATA S.L. cesar\u00e1 en el tratamiento de los datos, salvo por motivos leg\u00edtimos imperiosos, o el ejercicio o la defensa de posibles reclamaciones.<\/p>\n<p>El Usuario podr\u00e1 plantear las cuestiones que considere en relaci\u00f3n a la presente Pol\u00edtica as\u00ed como ejercer sus derechos en los t\u00e9rminos legalmente previstos debiendo para ello dirigir una comunicaci\u00f3n mediante correo postal a: EVENTOS N\u00c1UTICOS REGATA S.L., calle de la Maquinista 54, 08003, Barcelona, o correo electr\u00f3nico a: <a href=\"mailto:info@enregata.com\">info@enregata.com<\/a> con indicaci\u00f3n de la solicitud correspondiente y acompa\u00f1ado de copia del DNI o documento acreditativo de la identidad.<\/p>\n","protected":false},"excerpt":{"rendered":"<p>Responsable: EVENTOS N\u00c1UTICOS REGATA S.L. Finalidad: La atenci\u00f3n de solicitudes de diversa \u00edndole por parte del Usuario Legitimaci\u00f3n: Consentimiento del interesado y obligaci\u00f3n sobre la relaci\u00f3n contractual. Destinatarios: Otras empresas del grupo. Encargados de Tratamiento dentro o fuera de la UE, acogido a \u201cPrivacyShield\u201d Derechos: Acceder, rectificar y suprimir los datos, as\u00ed como otros derechos, [&hellip;]<\/p>\n","protected":false},"author":1,"featured_media":0,"parent":0,"menu_order":0,"comment_status":"closed","ping_status":"closed","template":"","meta":{"_acf_changed":false,"footnotes":""},"acf":[],"yoast_head":"<!-- This site is optimized with the Yoast SEO plugin v23.0 - https:\/\/yoast.com\/wordpress\/plugins\/seo\/ -->\n<title>Pol\u00edtica de privacidad | Regata La Ruta de la Sal<\/title>\n<meta name=\"description\" content=\"Pol\u00edtica de privacidad de la Regata La Ruta de la Sal. Difusi\u00f3n N\u00e1utica informa acerca del uso de la privacidad en su p\u00e1gina web: www.larutadelasal.com\" \/>\n<meta name=\"robots\" content=\"noindex, follow, max-snippet:-1, max-image-preview:large, max-video-preview:-1\" \/>\n<meta property=\"og:locale\" content=\"es_ES\" \/>\n<meta property=\"og:type\" content=\"article\" \/>\n<meta property=\"og:title\" content=\"Pol\u00edtica de privacidad | Regata La Ruta de la Sal\" \/>\n<meta property=\"og:description\" content=\"Pol\u00edtica de privacidad de la Regata La Ruta de la Sal. Difusi\u00f3n N\u00e1utica informa acerca del uso de la privacidad en su p\u00e1gina web: www.larutadelasal.com\" \/>\n<meta property=\"og:url\" content=\"https:\/\/labs.100x100.net\/projects\/rutasal\/politica-de-privacidad\/\" \/>\n<meta property=\"og:site_name\" content=\"Regata La Ruta de la Sal\" \/>\n<meta property=\"article:publisher\" content=\"https:\/\/www.facebook.com\/rutadelasal\/\" \/>\n<meta property=\"article:modified_time\" content=\"2023-12-11T14:50:05+00:00\" \/>\n<meta name=\"twitter:card\" content=\"summary_large_image\" \/>\n<meta name=\"twitter:site\" content=\"@AnamMedi\" \/>\n<meta name=\"twitter:label1\" content=\"Tiempo de lectura\" \/>\n\t<meta name=\"twitter:data1\" content=\"6 minutos\" \/>\n<script type=\"application\/ld+json\" class=\"yoast-schema-graph\">{\"@context\":\"https:\/\/schema.org\",\"@graph\":[{\"@type\":\"WebPage\",\"@id\":\"https:\/\/labs.100x100.net\/projects\/rutasal\/politica-de-privacidad\/\",\"url\":\"https:\/\/labs.100x100.net\/projects\/rutasal\/politica-de-privacidad\/\",\"name\":\"Pol\u00edtica de privacidad | Regata La Ruta de la Sal\",\"isPartOf\":{\"@id\":\"https:\/\/labs.100x100.net\/projects\/rutasal\/#website\"},\"datePublished\":\"2019-01-30T06:33:29+00:00\",\"dateModified\":\"2023-12-11T14:50:05+00:00\",\"description\":\"Pol\u00edtica de privacidad de la Regata La Ruta de la Sal. Difusi\u00f3n N\u00e1utica informa acerca del uso de la privacidad en su p\u00e1gina web: www.larutadelasal.com\",\"breadcrumb\":{\"@id\":\"https:\/\/labs.100x100.net\/projects\/rutasal\/politica-de-privacidad\/#breadcrumb\"},\"inLanguage\":\"es\",\"potentialAction\":[{\"@type\":\"ReadAction\",\"target\":[\"https:\/\/labs.100x100.net\/projects\/rutasal\/politica-de-privacidad\/\"]}]},{\"@type\":\"BreadcrumbList\",\"@id\":\"https:\/\/labs.100x100.net\/projects\/rutasal\/politica-de-privacidad\/#breadcrumb\",\"itemListElement\":[{\"@type\":\"ListItem\",\"position\":1,\"name\":\"Portada\",\"item\":\"https:\/\/labs.100x100.net\/projects\/rutasal\/\"},{\"@type\":\"ListItem\",\"position\":2,\"name\":\"Pol\u00edtica de privacidad\"}]},{\"@type\":\"WebSite\",\"@id\":\"https:\/\/labs.100x100.net\/projects\/rutasal\/#website\",\"url\":\"https:\/\/labs.100x100.net\/projects\/rutasal\/\",\"name\":\"Regata La Ruta de la Sal\",\"description\":\"Regata La Ruta de la Sal es una regata de Altura Mediterr\u00e1nea para barcos de crucero a vela con destino en Ibiza, que se disputa anualmente en Semana Santa.\",\"potentialAction\":[{\"@type\":\"SearchAction\",\"target\":{\"@type\":\"EntryPoint\",\"urlTemplate\":\"https:\/\/labs.100x100.net\/projects\/rutasal\/?s={search_term_string}\"},\"query-input\":\"required name=search_term_string\"}],\"inLanguage\":\"es\"}]}<\/script>\n<!-- \/ Yoast SEO plugin. -->","yoast_head_json":{"title":"Pol\u00edtica de privacidad | Regata La Ruta de la Sal","description":"Pol\u00edtica de privacidad de la Regata La Ruta de la Sal. Difusi\u00f3n N\u00e1utica informa acerca del uso de la privacidad en su p\u00e1gina web: www.larutadelasal.com","robots":{"index":"noindex","follow":"follow","max-snippet":"max-snippet:-1","max-image-preview":"max-image-preview:large","max-video-preview":"max-video-preview:-1"},"og_locale":"es_ES","og_type":"article","og_title":"Pol\u00edtica de privacidad | Regata La Ruta de la Sal","og_description":"Pol\u00edtica de privacidad de la Regata La Ruta de la Sal. Difusi\u00f3n N\u00e1utica informa acerca del uso de la privacidad en su p\u00e1gina web: www.larutadelasal.com","og_url":"https:\/\/labs.100x100.net\/projects\/rutasal\/politica-de-privacidad\/","og_site_name":"Regata La Ruta de la Sal","article_publisher":"https:\/\/www.facebook.com\/rutadelasal\/","article_modified_time":"2023-12-11T14:50:05+00:00","twitter_card":"summary_large_image","twitter_site":"@AnamMedi","twitter_misc":{"Tiempo de lectura":"6 minutos"},"schema":{"@context":"https:\/\/schema.org","@graph":[{"@type":"WebPage","@id":"https:\/\/labs.100x100.net\/projects\/rutasal\/politica-de-privacidad\/","url":"https:\/\/labs.100x100.net\/projects\/rutasal\/politica-de-privacidad\/","name":"Pol\u00edtica de privacidad | Regata La Ruta de la Sal","isPartOf":{"@id":"https:\/\/labs.100x100.net\/projects\/rutasal\/#website"},"datePublished":"2019-01-30T06:33:29+00:00","dateModified":"2023-12-11T14:50:05+00:00","description":"Pol\u00edtica de privacidad de la Regata La Ruta de la Sal. Difusi\u00f3n N\u00e1utica informa acerca del uso de la privacidad en su p\u00e1gina web: www.larutadelasal.com","breadcrumb":{"@id":"https:\/\/labs.100x100.net\/projects\/rutasal\/politica-de-privacidad\/#breadcrumb"},"inLanguage":"es","potentialAction":[{"@type":"ReadAction","target":["https:\/\/labs.100x100.net\/projects\/rutasal\/politica-de-privacidad\/"]}]},{"@type":"BreadcrumbList","@id":"https:\/\/labs.100x100.net\/projects\/rutasal\/politica-de-privacidad\/#breadcrumb","itemListElement":[{"@type":"ListItem","position":1,"name":"Portada","item":"https:\/\/labs.100x100.net\/projects\/rutasal\/"},{"@type":"ListItem","position":2,"name":"Pol\u00edtica de privacidad"}]},{"@type":"WebSite","@id":"https:\/\/labs.100x100.net\/projects\/rutasal\/#website","url":"https:\/\/labs.100x100.net\/projects\/rutasal\/","name":"Regata La Ruta de la Sal","description":"Regata La Ruta de la Sal es una regata de Altura Mediterr\u00e1nea para barcos de crucero a vela con destino en Ibiza, que se disputa anualmente en Semana Santa.","potentialAction":[{"@type":"SearchAction","target":{"@type":"EntryPoint","urlTemplate":"https:\/\/labs.100x100.net\/projects\/rutasal\/?s={search_term_string}"},"query-input":"required name=search_term_string"}],"inLanguage":"es"}]}},"_links":{"self":[{"href":"https:\/\/labs.100x100.net\/projects\/rutasal\/wp-json\/wp\/v2\/pages\/3"}],"collection":[{"href":"https:\/\/labs.100x100.net\/projects\/rutasal\/wp-json\/wp\/v2\/pages"}],"about":[{"href":"https:\/\/labs.100x100.net\/projects\/rutasal\/wp-json\/wp\/v2\/types\/page"}],"author":[{"embeddable":true,"href":"https:\/\/labs.100x100.net\/projects\/rutasal\/wp-json\/wp\/v2\/users\/1"}],"replies":[{"embeddable":true,"href":"https:\/\/labs.100x100.net\/projects\/rutasal\/wp-json\/wp\/v2\/comments?post=3"}],"version-history":[{"count":7,"href":"https:\/\/labs.100x100.net\/projects\/rutasal\/wp-json\/wp\/v2\/pages\/3\/revisions"}],"predecessor-version":[{"id":8818,"href":"https:\/\/labs.100x100.net\/projects\/rutasal\/wp-json\/wp\/v2\/pages\/3\/revisions\/8818"}],"wp:attachment":[{"href":"https:\/\/labs.100x100.net\/projects\/rutasal\/wp-json\/wp\/v2\/media?parent=3"}],"curies":[{"name":"wp","href":"https:\/\/api.w.org\/{rel}","templated":true}]}}