{"id":17,"date":"2010-10-15T08:05:13","date_gmt":"2010-10-15T08:05:13","guid":{"rendered":"https:\/\/larutadelasal.com\/"},"modified":"2019-04-28T17:31:54","modified_gmt":"2019-04-28T15:31:54","slug":"historia-de-la-ruta-de-la-sal","status":"publish","type":"page","link":"https:\/\/labs.100x100.net\/projects\/rutasal\/historia-de-la-ruta-de-la-sal\/","title":{"rendered":"HISTORIA"},"content":{"rendered":"<p>En <strong>Mayo de 1846<\/strong>, a causa del bloqueo impuesto a Barcelona por los ej\u00e9rcitos carlistas durante \u00abLa Revolta dels Mariners\u00bb, se produjo una <strong>escasez de sal<\/strong> que puso en peligro a la ciudad condal.<\/p>\n<p>Un conocido hombre de negocios barcelon\u00e9s tuvo la original idea de convocar a los m\u00e1s afamados navegantes del momento y presentarles un desaf\u00edo: pagar\u00eda los servicios de <strong>transportar sal de las Salinas Piti\u00fcses a El Garraf<\/strong> (Barcelona) pero en funci\u00f3n del orden de llegada. Los primeros en llegar cobrar\u00edan en oro, pero los \u00faltimos quiz\u00e1s ni siquiera podr\u00edan pagar los salarios de los marineros.<\/p>\n<p>Trece embarcaciones se presentaron al desaf\u00edo. La primera en llegar fue el \u00ab<strong>Halc\u00f3n Malt\u00e9s<\/strong>\u00ab, una goleta de Baltimore de 32 m. de eslora y patroneada por el griego Andreas Potrus, seguida del jabeque \u00abJerba\u00bb y del bergant\u00edn \u00abArrogante\u00bb.<\/p>\n<h2>La regata<\/h2>\n<p>En <strong>1989<\/strong>, ANAM puso en marcha la <strong>primera edici\u00f3n deportiva de La Ruta de Sal<\/strong> desde el puerto barcelon\u00e9s de Port Ginesta hasta Las Piti\u00fcses. En esta primera regata participaron 36 embarcaciones.<\/p>\n<p>En 1990, se dobla la participaci\u00f3n con 65 inscritos. En 1991 se crea la Versi\u00f3n Este de la regata, con salida del Club N\u00e1utico Denia. Entre las dos versiones, aquel a\u00f1o 119 embarcaciones toman la salida con un \u00fanico objetivo: alcanzar las Piti\u00fcses.<\/p>\n<p>Desde 1992 hasta ahora, <strong>el n\u00famero de participantes ha ido aumentando<\/strong>, constituyendo un verdadero fen\u00f3meno sociol\u00f3gico entre los aficionados de nuestro pa\u00eds: de las 136 embarcaciones de 1992, la cifra ha seguido creciendo: 158 en 1994, 174 en 1995, 188 en 1996, 222 en 1997, 226 en 1998, 284 en 1999, hasta alcanzar la cifra r\u00e9cord de m\u00e1s de 300 en el a\u00f1o 2000, cifra que desde entonces se repite cada a\u00f1o.<\/p>\n<p><img loading=\"lazy\" decoding=\"async\" class=\"aligncenter wp-image-4136 size-full\" src=\"https:\/\/larutadelasal.com\/custom\/uploads\/2019\/04\/la-ruta-de-la-sal-2009.jpg\" alt=\"\" width=\"800\" height=\"533\" srcset=\"https:\/\/labs.100x100.net\/projects\/rutasal\/custom\/uploads\/2019\/04\/la-ruta-de-la-sal-2009.jpg 800w, https:\/\/labs.100x100.net\/projects\/rutasal\/custom\/uploads\/2019\/04\/la-ruta-de-la-sal-2009-300x200.jpg 300w, https:\/\/labs.100x100.net\/projects\/rutasal\/custom\/uploads\/2019\/04\/la-ruta-de-la-sal-2009-768x512.jpg 768w\" sizes=\"(max-width: 800px) 100vw, 800px\" \/><\/p>\n<h2>El encanto de la aventura<\/h2>\n<p><strong>La Ruta de la Sal<\/strong> moviliza cada a\u00f1o m\u00e1s de 2000 regatistas y una flota variopinta de embarcaciones surca el mediterr\u00e1neo para conmemorar las traves\u00edas del siglo pasado en busca del Oro Blanco: \u00a1La sal de la vida!<\/p>\n<p><strong>La Ruta de la Sal<\/strong> es <strong>la regata de altura con mayor participaci\u00f3n que se celebra en el Mediterr\u00e1neo<\/strong> y lo m\u00e1s importante es que se ha conseguido mantener el encanto del primer d\u00eda.<\/p>\n<p><strong>La Ruta de Sal<\/strong> no es una regata f\u00e1cil. Las traves\u00edas son largas y la fecha en que se realiza es una \u00e9poca <strong>del a\u00f1o meteorol\u00f3gicamente complicada<\/strong>. Esto le da el encanto de la aventura y el aliciente de que el hecho de clasificarse es ya de por s\u00ed una victoria.<\/p>\n<h2>Gran \u00c9xito<\/h2>\n<p>El \u00e9xito de<strong> La Ruta de la Sal<\/strong> ha sido explosivo, tanto en participaci\u00f3n como en difusi\u00f3n en los medios de comunicaci\u00f3n.&nbsp; Se ha convertido en La Regata m\u00e1s numerosa y m\u00edtica de todo el calendario de regatas espa\u00f1olas.<\/p>\n<p><img loading=\"lazy\" decoding=\"async\" class=\"wp-image-4137 size-full aligncenter\" src=\"https:\/\/larutadelasal.com\/custom\/uploads\/2019\/04\/5142312787_4aa48fc2c0_o-e1555408940709.jpg\" alt=\"\" width=\"798\" height=\"492\" srcset=\"https:\/\/labs.100x100.net\/projects\/rutasal\/custom\/uploads\/2019\/04\/5142312787_4aa48fc2c0_o-e1555408940709.jpg 798w, https:\/\/labs.100x100.net\/projects\/rutasal\/custom\/uploads\/2019\/04\/5142312787_4aa48fc2c0_o-e1555408940709-300x185.jpg 300w, https:\/\/labs.100x100.net\/projects\/rutasal\/custom\/uploads\/2019\/04\/5142312787_4aa48fc2c0_o-e1555408940709-768x474.jpg 768w\" sizes=\"(max-width: 798px) 100vw, 798px\" \/><\/p>\n<h2>El apoyo institucional<\/h2>\n<p>Desde su inicio, la <strong>Ruta de la Sal<\/strong> cuenta con el apoyo del <strong>Consell Insular d\u2019Eivissa<\/strong>, del <strong>Instituto Balear de Promoci\u00f3n del Turismo<\/strong> y de la <strong>Conselleria de Turisme del Govern de les Illes Balears<\/strong>, que se vuelcan para ofrecer la mejor estancia a los m\u00e1s de 3000 participantes y acompa\u00f1antes que vendr\u00e1n estos d\u00edas a Ibiza.Tambi\u00e9n la <strong>Conselleries de Comer\u00e7, Industria i Energia del Govern de les Illes Balears<\/strong> y los A<strong>yuntamientos de Barcelona, Denia y Eivissa<\/strong> colaboran en este acontecimiento n\u00e1utico.<\/p>\n<p>La <strong>Sociedad Estatal de Salvamento y Seguridad Mar\u00edtima de la Marina Mercante Espa\u00f1ola<\/strong> y la <strong>Guardia Civil del Mar<\/strong> colaboran en las tareas de control y seguimiento mar\u00edtimo.<\/p>\n<p><a class=\"calltoaction\" href=\"https:\/\/larutadelasal.com\/ediciones-anteriores\/\" target=\"_blank\" rel=\"noopener noreferrer\">Ediciones anteriores<\/a><\/p>\n","protected":false},"excerpt":{"rendered":"<p>En Mayo de 1846, a causa del bloqueo impuesto a Barcelona por los ej\u00e9rcitos carlistas durante \u00abLa Revolta dels Mariners\u00bb, se produjo una escasez de sal que puso en peligro a la ciudad condal. Un conocido hombre de negocios barcelon\u00e9s tuvo la original idea de convocar a los m\u00e1s afamados navegantes del momento y presentarles [&hellip;]<\/p>\n","protected":false},"author":1,"featured_media":0,"parent":0,"menu_order":0,"comment_status":"open","ping_status":"open","template":"","meta":{"_acf_changed":false,"footnotes":""},"acf":[],"yoast_head":"<!-- This site is optimized with the Yoast SEO plugin v23.0 - https:\/\/yoast.com\/wordpress\/plugins\/seo\/ -->\n<title>HISTORIA | Regata La Ruta de la Sal<\/title>\n<meta name=\"description\" content=\"La historia de la Ruta de la Sal nace en 1989. En esta primera regata participaron 36 veleros desde Port Ginesta hasta Las Piti\u00fcses\" \/>\n<meta name=\"robots\" content=\"noindex, follow, max-snippet:-1, max-image-preview:large, max-video-preview:-1\" \/>\n<meta property=\"og:locale\" content=\"es_ES\" \/>\n<meta property=\"og:type\" content=\"article\" \/>\n<meta property=\"og:title\" content=\"Historia | Regata La Ruta de la Sal\" \/>\n<meta property=\"og:description\" content=\"La historia de la Ruta de la Sal nace en 1989. En esta primera regata participaron 36 veleros desde Port Ginesta hasta Las Piti\u00fcses\" \/>\n<meta property=\"og:url\" content=\"https:\/\/labs.100x100.net\/projects\/rutasal\/historia-de-la-ruta-de-la-sal\/\" \/>\n<meta property=\"og:site_name\" content=\"Regata La Ruta de la Sal\" \/>\n<meta property=\"article:publisher\" content=\"https:\/\/www.facebook.com\/rutadelasal\/\" \/>\n<meta property=\"article:modified_time\" content=\"2019-04-28T15:31:54+00:00\" \/>\n<meta property=\"og:image\" content=\"https:\/\/labs.100x100.net\/projects\/rutasal\/custom\/uploads\/2019\/04\/Regata-la-ruta-de-la-sal-salida-historia-e1556465477490.jpg\" \/>\n\t<meta property=\"og:image:width\" content=\"800\" \/>\n\t<meta property=\"og:image:height\" content=\"534\" \/>\n\t<meta property=\"og:image:type\" content=\"image\/jpeg\" \/>\n<meta name=\"twitter:card\" content=\"summary_large_image\" \/>\n<meta name=\"twitter:site\" content=\"@AnamMedi\" \/>\n<meta name=\"twitter:label1\" content=\"Tiempo de lectura\" \/>\n\t<meta name=\"twitter:data1\" content=\"3 minutos\" \/>\n<script type=\"application\/ld+json\" class=\"yoast-schema-graph\">{\"@context\":\"https:\/\/schema.org\",\"@graph\":[{\"@type\":\"WebPage\",\"@id\":\"https:\/\/labs.100x100.net\/projects\/rutasal\/historia-de-la-ruta-de-la-sal\/\",\"url\":\"https:\/\/labs.100x100.net\/projects\/rutasal\/historia-de-la-ruta-de-la-sal\/\",\"name\":\"HISTORIA | Regata La Ruta de la Sal\",\"isPartOf\":{\"@id\":\"https:\/\/labs.100x100.net\/projects\/rutasal\/#website\"},\"primaryImageOfPage\":{\"@id\":\"https:\/\/labs.100x100.net\/projects\/rutasal\/historia-de-la-ruta-de-la-sal\/#primaryimage\"},\"image\":{\"@id\":\"https:\/\/labs.100x100.net\/projects\/rutasal\/historia-de-la-ruta-de-la-sal\/#primaryimage\"},\"thumbnailUrl\":\"https:\/\/larutadelasal.com\/custom\/uploads\/2019\/04\/la-ruta-de-la-sal-2009.jpg\",\"datePublished\":\"2010-10-15T08:05:13+00:00\",\"dateModified\":\"2019-04-28T15:31:54+00:00\",\"description\":\"La historia de la Ruta de la Sal nace en 1989. En esta primera regata participaron 36 veleros desde Port Ginesta hasta Las Piti\u00fcses\",\"breadcrumb\":{\"@id\":\"https:\/\/labs.100x100.net\/projects\/rutasal\/historia-de-la-ruta-de-la-sal\/#breadcrumb\"},\"inLanguage\":\"es\",\"potentialAction\":[{\"@type\":\"ReadAction\",\"target\":[\"https:\/\/labs.100x100.net\/projects\/rutasal\/historia-de-la-ruta-de-la-sal\/\"]}]},{\"@type\":\"ImageObject\",\"inLanguage\":\"es\",\"@id\":\"https:\/\/labs.100x100.net\/projects\/rutasal\/historia-de-la-ruta-de-la-sal\/#primaryimage\",\"url\":\"https:\/\/larutadelasal.com\/custom\/uploads\/2019\/04\/la-ruta-de-la-sal-2009.jpg\",\"contentUrl\":\"https:\/\/larutadelasal.com\/custom\/uploads\/2019\/04\/la-ruta-de-la-sal-2009.jpg\"},{\"@type\":\"BreadcrumbList\",\"@id\":\"https:\/\/labs.100x100.net\/projects\/rutasal\/historia-de-la-ruta-de-la-sal\/#breadcrumb\",\"itemListElement\":[{\"@type\":\"ListItem\",\"position\":1,\"name\":\"Portada\",\"item\":\"https:\/\/labs.100x100.net\/projects\/rutasal\/\"},{\"@type\":\"ListItem\",\"position\":2,\"name\":\"HISTORIA\"}]},{\"@type\":\"WebSite\",\"@id\":\"https:\/\/labs.100x100.net\/projects\/rutasal\/#website\",\"url\":\"https:\/\/labs.100x100.net\/projects\/rutasal\/\",\"name\":\"Regata La Ruta de la Sal\",\"description\":\"Regata La Ruta de la Sal es una regata de Altura Mediterr\u00e1nea para barcos de crucero a vela con destino en Ibiza, que se disputa anualmente en Semana Santa.\",\"potentialAction\":[{\"@type\":\"SearchAction\",\"target\":{\"@type\":\"EntryPoint\",\"urlTemplate\":\"https:\/\/labs.100x100.net\/projects\/rutasal\/?s={search_term_string}\"},\"query-input\":\"required name=search_term_string\"}],\"inLanguage\":\"es\"}]}<\/script>\n<!-- \/ Yoast SEO plugin. -->","yoast_head_json":{"title":"HISTORIA | Regata La Ruta de la Sal","description":"La historia de la Ruta de la Sal nace en 1989. En esta primera regata participaron 36 veleros desde Port Ginesta hasta Las Piti\u00fcses","robots":{"index":"noindex","follow":"follow","max-snippet":"max-snippet:-1","max-image-preview":"max-image-preview:large","max-video-preview":"max-video-preview:-1"},"og_locale":"es_ES","og_type":"article","og_title":"Historia | Regata La Ruta de la Sal","og_description":"La historia de la Ruta de la Sal nace en 1989. En esta primera regata participaron 36 veleros desde Port Ginesta hasta Las Piti\u00fcses","og_url":"https:\/\/labs.100x100.net\/projects\/rutasal\/historia-de-la-ruta-de-la-sal\/","og_site_name":"Regata La Ruta de la Sal","article_publisher":"https:\/\/www.facebook.com\/rutadelasal\/","article_modified_time":"2019-04-28T15:31:54+00:00","og_image":[{"width":800,"height":534,"url":"https:\/\/labs.100x100.net\/projects\/rutasal\/custom\/uploads\/2019\/04\/Regata-la-ruta-de-la-sal-salida-historia-e1556465477490.jpg","type":"image\/jpeg"}],"twitter_card":"summary_large_image","twitter_site":"@AnamMedi","twitter_misc":{"Tiempo de lectura":"3 minutos"},"schema":{"@context":"https:\/\/schema.org","@graph":[{"@type":"WebPage","@id":"https:\/\/labs.100x100.net\/projects\/rutasal\/historia-de-la-ruta-de-la-sal\/","url":"https:\/\/labs.100x100.net\/projects\/rutasal\/historia-de-la-ruta-de-la-sal\/","name":"HISTORIA | Regata La Ruta de la Sal","isPartOf":{"@id":"https:\/\/labs.100x100.net\/projects\/rutasal\/#website"},"primaryImageOfPage":{"@id":"https:\/\/labs.100x100.net\/projects\/rutasal\/historia-de-la-ruta-de-la-sal\/#primaryimage"},"image":{"@id":"https:\/\/labs.100x100.net\/projects\/rutasal\/historia-de-la-ruta-de-la-sal\/#primaryimage"},"thumbnailUrl":"https:\/\/larutadelasal.com\/custom\/uploads\/2019\/04\/la-ruta-de-la-sal-2009.jpg","datePublished":"2010-10-15T08:05:13+00:00","dateModified":"2019-04-28T15:31:54+00:00","description":"La historia de la Ruta de la Sal nace en 1989. En esta primera regata participaron 36 veleros desde Port Ginesta hasta Las Piti\u00fcses","breadcrumb":{"@id":"https:\/\/labs.100x100.net\/projects\/rutasal\/historia-de-la-ruta-de-la-sal\/#breadcrumb"},"inLanguage":"es","potentialAction":[{"@type":"ReadAction","target":["https:\/\/labs.100x100.net\/projects\/rutasal\/historia-de-la-ruta-de-la-sal\/"]}]},{"@type":"ImageObject","inLanguage":"es","@id":"https:\/\/labs.100x100.net\/projects\/rutasal\/historia-de-la-ruta-de-la-sal\/#primaryimage","url":"https:\/\/larutadelasal.com\/custom\/uploads\/2019\/04\/la-ruta-de-la-sal-2009.jpg","contentUrl":"https:\/\/larutadelasal.com\/custom\/uploads\/2019\/04\/la-ruta-de-la-sal-2009.jpg"},{"@type":"BreadcrumbList","@id":"https:\/\/labs.100x100.net\/projects\/rutasal\/historia-de-la-ruta-de-la-sal\/#breadcrumb","itemListElement":[{"@type":"ListItem","position":1,"name":"Portada","item":"https:\/\/labs.100x100.net\/projects\/rutasal\/"},{"@type":"ListItem","position":2,"name":"HISTORIA"}]},{"@type":"WebSite","@id":"https:\/\/labs.100x100.net\/projects\/rutasal\/#website","url":"https:\/\/labs.100x100.net\/projects\/rutasal\/","name":"Regata La Ruta de la Sal","description":"Regata La Ruta de la Sal es una regata de Altura Mediterr\u00e1nea para barcos de crucero a vela con destino en Ibiza, que se disputa anualmente en Semana Santa.","potentialAction":[{"@type":"SearchAction","target":{"@type":"EntryPoint","urlTemplate":"https:\/\/labs.100x100.net\/projects\/rutasal\/?s={search_term_string}"},"query-input":"required name=search_term_string"}],"inLanguage":"es"}]}},"_links":{"self":[{"href":"https:\/\/labs.100x100.net\/projects\/rutasal\/wp-json\/wp\/v2\/pages\/17"}],"collection":[{"href":"https:\/\/labs.100x100.net\/projects\/rutasal\/wp-json\/wp\/v2\/pages"}],"about":[{"href":"https:\/\/labs.100x100.net\/projects\/rutasal\/wp-json\/wp\/v2\/types\/page"}],"author":[{"embeddable":true,"href":"https:\/\/labs.100x100.net\/projects\/rutasal\/wp-json\/wp\/v2\/users\/1"}],"replies":[{"embeddable":true,"href":"https:\/\/labs.100x100.net\/projects\/rutasal\/wp-json\/wp\/v2\/comments?post=17"}],"version-history":[{"count":8,"href":"https:\/\/labs.100x100.net\/projects\/rutasal\/wp-json\/wp\/v2\/pages\/17\/revisions"}],"predecessor-version":[{"id":4341,"href":"https:\/\/labs.100x100.net\/projects\/rutasal\/wp-json\/wp\/v2\/pages\/17\/revisions\/4341"}],"wp:attachment":[{"href":"https:\/\/labs.100x100.net\/projects\/rutasal\/wp-json\/wp\/v2\/media?parent=17"}],"curies":[{"name":"wp","href":"https:\/\/api.w.org\/{rel}","templated":true}]}}